{"id":386,"date":"2018-10-24T04:35:41","date_gmt":"2018-10-24T04:35:41","guid":{"rendered":"http:\/\/learts.local\/?page_id=386"},"modified":"2023-12-19T15:44:03","modified_gmt":"2023-12-19T14:44:03","slug":"about-us","status":"publish","type":"page","link":"https:\/\/museal.com\/fr\/about-us\/","title":{"rendered":"Qui sommes-nous ?"},"content":{"rendered":"<div class=\"wpb-content-wrapper\"><p>[vc_row content_placement=&#8221;top&#8221; css=&#8221;.vc_custom_1630596032137{padding-left: 50px !important;}&#8221; el_class=&#8221;vc_hidden-sm vc_hidden-xs&#8221;][vc_column offset=&#8221;vc_col-lg-4&#8243;][vc_custom_heading text=&#8221;Art et<br \/>\nid\u00e9es cadeaux&#8221; font_container=&#8221;tag:div|font_size:56px|text_align:left|color:%23333333|line_height:72px&#8221; use_theme_fonts=&#8221;&#8221; google_fonts=&#8221;font_family:Marcellus%3Aregular|font_style:400%20regular%3A400%3Anormal&#8221;][learts_space height=&#8221;100&#8243; height_lg=&#8221;90&#8243; height_md=&#8221;80&#8243; height_sm=&#8221;50&#8243; height_xs=&#8221;30&#8243;][\/vc_column][vc_column offset=&#8221;vc_col-lg-8&#8243;][learts_space height=&#8221;0&#8243; height_lg=&#8221;0&#8243; height_md=&#8221;30&#8243; height_sm=&#8221;15&#8243; height_xs=&#8221;15&#8243;][vc_single_image image=&#8221;9640&#8243; img_size=&#8221;full&#8221;][\/vc_column][\/vc_row][vc_row content_placement=&#8221;top&#8221; el_class=&#8221;vc_hidden-lg vc_hidden-md&#8221;][vc_column offset=&#8221;vc_col-lg-8&#8243;][vc_custom_heading text=&#8221;Art et<br \/>\nid\u00e9es cadeaux&#8221; font_container=&#8221;tag:div|font_size:50px|text_align:center|color:%23333333|line_height:72px&#8221; use_theme_fonts=&#8221;&#8221; google_fonts=&#8221;font_family:Marcellus%3Aregular|font_style:400%20regular%3A400%3Anormal&#8221;][learts_space height=&#8221;0&#8243; height_lg=&#8221;0&#8243; height_md=&#8221;30&#8243; height_sm=&#8221;15&#8243; height_xs=&#8221;15&#8243;][vc_single_image image=&#8221;9640&#8243; img_size=&#8221;full&#8221; alignment=&#8221;center&#8221;][\/vc_column][\/vc_row][vc_row][vc_column css=&#8221;.vc_custom_1540362056363{padding-top: 0px !important;}&#8221;][learts_space height=&#8221;100&#8243; height_lg=&#8221;80&#8243; height_md=&#8221;50&#8243; height_sm=&#8221;30&#8243; height_xs=&#8221;20&#8243;][\/vc_column][\/vc_row][vc_row full_width=&#8221;learts_wide_row&#8221; content_placement=&#8221;top&#8221; el_class=&#8221;vc_hidden-sm vc_hidden-xs&#8221;][vc_column offset=&#8221;vc_col-lg-6&#8243;][vc_single_image image=&#8221;4293&#8243; img_size=&#8221;full&#8221; alignment=&#8221;right&#8221; css=&#8221;.vc_custom_1624262021877{padding-left: 200px !important;}&#8221;][\/vc_column][vc_column offset=&#8221;vc_col-lg-6&#8243;][vc_column_text]Les \u00e9ditions MUSEAL, Fournisseur de la Cour Grand-Ducale, con\u00e7oivent et produisent des objets et cadeaux inspir\u00e9s du patrimoine luxembourgeois.[\/vc_column_text][vc_custom_heading use_font_face=&#8221;futura&#8221; text=&#8221;UN SERVICE D\u00c9DI\u00c9 AUX PARTICULIERS ET AUX ENTREPRISES&#8221; font_container=&#8221;tag:div|font_size:18px|text_align:left|color:%23333333|line_height:26px&#8221; use_theme_fonts=&#8221;&#8221; google_fonts=&#8221;font_family:ABeeZee%3Aregular%2Citalic|font_style:400%20regular%3A400%3Anormal&#8221; css_animation=&#8221;none&#8221; el_class=&#8221;ls-2&#8243; css=&#8221;.vc_custom_1622643901280{margin-bottom: 10px !important;}&#8221;][vc_column_text]<\/p>\n<p style=\"font-size: 18px; line-height: 32px; font-weight: 300; letter-spacing: 0.5px;\">Nous sommes \u00e9galement \u00e0 votre disposition pour cr\u00e9er, pour vous, le cadeau que vous souhaitez offrir \u00e0 vos proches, vos collaborateurs, et\/ou \u00e0 vos clients, en parfaite r\u00e9sonnance avec vos envies, vos valeurs et\/ou votre culture d\u2019entreprise. Besoin d&#8217;un conseil, un d\u00e9lai et \/ou un budget \u00e0 respecter ? Nous sommes \u00e0 votre \u00e9coute pour vous conseiller et vous accompagner.<\/p>\n<p>[\/vc_column_text][vc_custom_heading use_font_face=&#8221;futura&#8221; text=&#8221;UN SERVICE DE PERSONNALISATION&#8221; font_container=&#8221;tag:div|font_size:18px|text_align:left|color:%23333333|line_height:26px&#8221; use_theme_fonts=&#8221;&#8221; google_fonts=&#8221;font_family:ABeeZee%3Aregular%2Citalic|font_style:400%20regular%3A400%3Anormal&#8221; css_animation=&#8221;none&#8221; el_class=&#8221;ls-2&#8243; css=&#8221;.vc_custom_1622643937823{margin-bottom: 10px !important;}&#8221;][vc_column_text]<\/p>\n<p style=\"font-size: 18px; line-height: 32px; font-weight: 300; letter-spacing: 0.5px;\">Tous les objets \u00e9dit\u00e9s par Mus\u00e9al Editions sont personnalisables. Nous mettons \u00e0 votre disposition un service de marquage par s\u00e9rigraphie, tampographie, laser, gravure main ou machine, directement sur l\u2019objet, sur le socle ou sur une plaquette laiton ajout\u00e9e.<\/p>\n<p>[\/vc_column_text][vc_btn title=&#8221;Contactez-nous&#8221; link=&#8221;url:https%3A%2F%2Fshop.museal.com%2Fcontact-us%2F|title:Contactez-vous&#8221;][vc_empty_space height=&#8221;10px&#8221;][\/vc_column][\/vc_row][vc_row full_width=&#8221;learts_wide_row&#8221; content_placement=&#8221;top&#8221; el_class=&#8221;vc_hidden-lg vc_hidden-md&#8221;][vc_column offset=&#8221;vc_col-lg-6&#8243;][vc_column_text]Les \u00e9ditions MUSEAL, Fournisseur de la Cour Grand-Ducale, con\u00e7oivent et produisent des objets (cadeaux) inspir\u00e9s du patrimoine luxembourgeois, mais aussi des coffrets de spiritueux,100%, Made In Luxembourg[\/vc_column_text][vc_single_image image=&#8221;4293&#8243; img_size=&#8221;full&#8221; alignment=&#8221;center&#8221;][vc_custom_heading use_font_face=&#8221;futura&#8221; text=&#8221;UN SERVICE D\u00c9DI\u00c9 AUX PARTICULIERS ET AUX ENTREPRISES&#8221; font_container=&#8221;tag:div|font_size:18px|text_align:left|color:%23333333|line_height:26px&#8221; use_theme_fonts=&#8221;&#8221; google_fonts=&#8221;font_family:ABeeZee%3Aregular%2Citalic|font_style:400%20regular%3A400%3Anormal&#8221; css_animation=&#8221;none&#8221; el_class=&#8221;ls-2&#8243; css=&#8221;.vc_custom_1622643901280{margin-bottom: 10px !important;}&#8221;][vc_column_text]<\/p>\n<p style=\"font-size: 18px; line-height: 32px; font-weight: 300; letter-spacing: 0.5px;\">Nous sommes \u00e9galement \u00e0 votre disposition pour cr\u00e9er, pour vous, le cadeau que vous souhaitez offrir \u00e0 vos proches, vos collaborateurs, et\/ou \u00e0 vos clients, en parfaite r\u00e9sonnance avec vos envies, vos valeurs et\/ou votre culture d\u2019entreprise. Besoin d&#8217;un conseil, un d\u00e9lai et \/ou un budget \u00e0 respecter ? Nous sommes \u00e0 votre \u00e9coute pour vous conseiller et vous accompagner.<\/p>\n<p>[\/vc_column_text][vc_custom_heading use_font_face=&#8221;futura&#8221; text=&#8221;UN SERVICE DE PERSONNALISATION&#8221; font_container=&#8221;tag:div|font_size:18px|text_align:left|color:%23333333|line_height:26px&#8221; use_theme_fonts=&#8221;&#8221; google_fonts=&#8221;font_family:ABeeZee%3Aregular%2Citalic|font_style:400%20regular%3A400%3Anormal&#8221; css_animation=&#8221;none&#8221; el_class=&#8221;ls-2&#8243; css=&#8221;.vc_custom_1622643937823{margin-bottom: 10px !important;}&#8221;][vc_column_text]<\/p>\n<p style=\"font-size: 18px; line-height: 32px; font-weight: 300; letter-spacing: 0.5px;\">Tous les objets \u00e9dit\u00e9s par Mus\u00e9al Editions sont personnalisables. Nous mettons \u00e0 votre disposition un service de marquage par s\u00e9rigraphie, tampographie, laser, gravure main ou machine, directement sur l\u2019objet, sur le socle ou sur une plaquette laiton ajout\u00e9e.<\/p>\n<p>[\/vc_column_text][vc_btn title=&#8221;Contactez-nous&#8221; link=&#8221;url:http%3A%2F%2Flouisr8.sg-host.com%2Fcontact-us%2F|title:Contact&#8221;][vc_empty_space height=&#8221;10px&#8221;][\/vc_column][\/vc_row][vc_row][vc_column css=&#8221;.vc_custom_1540362056363{padding-top: 0px !important;}&#8221;][learts_space height=&#8221;100&#8243; height_lg=&#8221;80&#8243; height_md=&#8221;50&#8243; height_sm=&#8221;30&#8243; height_xs=&#8221;20&#8243;][\/vc_column][\/vc_row][vc_row][vc_column][vc_custom_heading text=&#8221;Nos engagements&#8221;][vc_column_text]Chez Museal Editions, nous croyons en l&#8217;importance de mener nos activit\u00e9s de mani\u00e8re \u00e9thique, responsable et respectueuse envers nos clients et nos partenaires. Notre code \u00e9thique guide nos actions et d\u00e9cisions quotidiennes, refl\u00e9tant nos valeurs fondamentales et notre engagement.[\/vc_column_text][vc_btn title=&#8221;Notre Code \u00e9thique&#8221; link=&#8221;url:https%3A%2F%2Fmuseal.com%2Fwp-content%2Fuploads%2F2023%2F10%2FCharte-ethique-site-web.pdf|title:le%20Code%20%C3%A9thique|target:_blank&#8221;][learts_space height=&#8221;100&#8243; height_lg=&#8221;80&#8243; height_md=&#8221;50&#8243; height_sm=&#8221;30&#8243; height_xs=&#8221;20&#8243;][vc_custom_heading text=&#8221;NOS CLIENTS&#8221; font_container=&#8221;tag:h2|font_size:40px|text_align:left|color:%23333333|line_height:48px&#8221; use_theme_fonts=&#8221;&#8221; google_fonts=&#8221;font_family:Marcellus%3Aregular|font_style:400%20regular%3A400%3Anormal&#8221;][learts_testimonial_carousel style_testimonial=&#8221;modern-slide&#8221; item_count=&#8221;-1&#8243; category=&#8221;T\u00e9moignages&#8221; auto_play=&#8221;yes&#8221; auto_play_speed=&#8221;4.0&#8243;][\/vc_column][\/vc_row][vc_row][vc_column][vc_gallery type=&#8221;image_grid&#8221; images=&#8221;10968,10966,10964,10962,10960,10958,10938,10940,10942,10944,10946,10948,10950,10952,10954,10956,10936,10907,10933,10905,10931,10903,10901,10929,10927,10899,10897,10925,10923,10895,10893,10921,10919,10891,10909&#8243; title=&#8221;Ils nous ont fait confiance&#8221;][\/vc_column][\/vc_row][vc_row][vc_column css=&#8221;.vc_custom_1540362056363{padding-top: 0px !important;}&#8221;][learts_space height=&#8221;100&#8243; height_lg=&#8221;80&#8243; height_md=&#8221;50&#8243; height_sm=&#8221;30&#8243; height_xs=&#8221;20&#8243;][\/vc_column][\/vc_row][vc_row][vc_column width=&#8221;1\/2&#8243;][vc_custom_heading text=&#8221;Suivez-nous sur Instagram&#8221; font_container=&#8221;tag:div|font_size:25px|text_align:center|color:%23333333|line_height:56px&#8221; use_theme_fonts=&#8221;&#8221; google_fonts=&#8221;font_family:Marcellus%3Aregular|font_style:400%20regular%3A400%3Anormal&#8221; css_animation=&#8221;none&#8221; link=&#8221;url:https%3A%2F%2Fwww.instagram.com%2Fmuseal.luxembourg%2F&#8221;][vc_single_image image=&#8221;14782&#8243; alignment=&#8221;center&#8221; onclick=&#8221;custom_link&#8221; img_link_target=&#8221;_blank&#8221; link=&#8221;https:\/\/www.instagram.com\/museal.luxembourg\/&#8221;][\/vc_column][vc_column width=&#8221;1\/2&#8243;][vc_custom_heading text=&#8221;Suivez-nous sur Facebook&#8221; font_container=&#8221;tag:div|font_size:25px|text_align:center|color:%23333333|line_height:56px&#8221; use_theme_fonts=&#8221;&#8221; google_fonts=&#8221;font_family:Marcellus%3Aregular|font_style:400%20regular%3A400%3Anormal&#8221; css_animation=&#8221;none&#8221; link=&#8221;url:https%3A%2F%2Fwww.facebook.com%2Fmuseal.luxembourg%2F&#8221;][vc_single_image image=&#8221;14784&#8243; alignment=&#8221;center&#8221; onclick=&#8221;custom_link&#8221; img_link_target=&#8221;_blank&#8221; link=&#8221;https:\/\/www.facebook.com\/museal.luxembourg\/&#8221;][\/vc_column][\/vc_row][vc_row content_placement=&#8221;middle&#8221; disable_element=&#8221;yes&#8221;][vc_column offset=&#8221;vc_col-lg-6&#8243;][vc_wp_text][insta-gallery id=&#8221;1&#8243;][\/vc_wp_text][\/vc_column][vc_column offset=&#8221;vc_col-lg-6&#8243; css=&#8221;.vc_custom_1541840749240{background-image: url(http:\/\/learts.local\/wp-content\/uploads\/2018\/11\/bg-decor.png?id=1039) !important;background-position: center !important;background-repeat: no-repeat !important;background-size: contain !important;}&#8221;][learts_space height=&#8221;0&#8243; height_lg=&#8221;0&#8243; height_md=&#8221;30&#8243; height_sm=&#8221;15&#8243; height_xs=&#8221;15&#8243;][vc_custom_heading text=&#8221;@museal.luxembourg&#8221; font_container=&#8221;tag:div|font_size:25px|text_align:center|color:%23333333|line_height:56px&#8221; use_theme_fonts=&#8221;&#8221; google_fonts=&#8221;font_family:Marcellus%3Aregular|font_style:400%20regular%3A400%3Anormal&#8221; css_animation=&#8221;none&#8221; link=&#8221;url:https%3A%2F%2Fwww.instagram.com%2Fmuseal.luxembourg%2F&#8221;][vc_column_text css_animation=&#8221;none&#8221;]<\/p>\n<p class=\"p1\" style=\"text-align: center; font-size: 18px; line-height: 36px; color: #333333;\"><span class=\"s1\">Suivez-nous sur Instagram<\/span><\/p>\n<p>[\/vc_column_text][\/vc_column][\/vc_row][vc_row full_width=&#8221;stretch_row&#8221; disable_element=&#8221;yes&#8221; el_class=&#8221;column-center footer-vc&#8221; css=&#8221;.vc_custom_1645066999626{margin-bottom: -20px !important;background-position: center !important;background-repeat: no-repeat !important;background-size: cover !important;}&#8221;][vc_column css=&#8221;.vc_custom_1539936643949{padding-top: 0px !important;}&#8221;][learts_social][learts_space height=&#8221;70&#8243; height_lg=&#8221;60&#8243; height_md=&#8221;50&#8243; height_sm=&#8221;40&#8243; height_xs=&#8221;30&#8243;][vc_single_image image=&#8221;11414&#8243; img_size=&#8221;100px&#8221; alignment=&#8221;center&#8221; css=&#8221;.vc_custom_1630391348222{margin-bottom: 10px !important;}&#8221;][vc_column_text]\u00a9 2021 Museal | <strong>+352 465960<\/strong> | <a href=\"mailto:museal@museal.com\">museal@museal.com <\/a>[\/vc_column_text][vc_raw_html]JTNDYSUyMGhyZWYlM0QlMjJodHRwcyUzQSUyRiUyRnd3dy5saW5rZWRpbi5jb20lMkZjb21wYW55JTJGbXVzZWFsLWVkaXRpb25zLWx1eGVtYm91cmclMjIlMjBjbGFzcyUzRCUyMmZhJTIwZmEtbGlua2VkaW4lMjIlM0UlM0MlMkZhJTNFJTBBJTNDYSUyMGhyZWYlM0QlMjJodHRwcyUzQSUyRiUyRnd3dy5pbnN0YWdyYW0uY29tJTJGbXVzZWFsLmx1eGVtYm91cmclMkYlMjIlMjBjbGFzcyUzRCUyMmZhJTIwZmEtaW5zdGFncmFtJTIyJTNFJTNDJTJGYSUzRSUwQSUzQ2ElMjBocmVmJTNEJTIyaHR0cHMlM0ElMkYlMkZ3d3cuZmFjZWJvb2suY29tJTJGbXVzZWFsLmx1eGVtYm91cmclMjIlMjBjbGFzcyUzRCUyMmZhJTIwZmEtZmFjZWJvb2slMjIlM0UlM0MlMkZhJTNFJTBBJTBB[\/vc_raw_html][vc_column_text]<a href=\"http:\/\/museal.com\/conditions-generales-de-vente\/\">Conditions g\u00e9n\u00e9rales de vente<\/a>\u00a0 \u00a0 \u00a0 \u00a0 \u00a0 \u00a0 \u00a0 <a href=\"http:\/\/museal.com\/privacy-policy\/\">Mentions l\u00e9gales <\/a>\u00a0 \u00a0 \u00a0 \u00a0 \u00a0 \u00a0 <a href=\"http:\/\/museal.com\/livraison\/\">Livraison<\/a> \u00a0 \u00a0 \u00a0 \u00a0 \u00a0 \u00a0 <a href=\"http:\/\/museal.com\/paiement\/\">Paiement<\/a> \u00a0 \u00a0 \u00a0 \u00a0 \u00a0 \u00a0 <a href=\"http:\/\/museal.com\/presse\/\">Presse<\/a>[\/vc_column_text][learts_space height=&#8221;30&#8243; height_lg=&#8221;30&#8243; height_md=&#8221;30&#8243; height_sm=&#8221;30&#8243; height_xs=&#8221;30&#8243;][\/vc_column][\/vc_row]<\/p>\n<\/div>","protected":false},"excerpt":{"rendered":"<p>[vc_row content_placement=&#8221;top&#8221; css=&#8221;.vc_custom_1630596032137{padding-left: 50px !important;}&#8221; el_class=&#8221;vc_hidden-sm vc_hidden-xs&#8221;][vc_column offset=&#8221;vc_col-lg-4&#8243;][vc_custom_heading text=&#8221;Art et id\u00e9es cadeaux&#8221; font_container=&#8221;tag:div|font_size:56px|text_align:left|color:%23333333|line_height:72px&#8221; use_theme_fonts=&#8221;&#8221; google_fonts=&#8221;font_family:Marcellus%3Aregular|font_style:400%20regular%3A400%3Anormal&#8221;][learts_space height=&#8221;100&#8243; height_lg=&#8221;90&#8243; height_md=&#8221;80&#8243; height_sm=&#8221;50&#8243; height_xs=&#8221;30&#8243;][\/vc_column][vc_column offset=&#8221;vc_col-lg-8&#8243;][learts_space height=&#8221;0&#8243; height_lg=&#8221;0&#8243; height_md=&#8221;30&#8243; height_sm=&#8221;15&#8243; height_xs=&#8221;15&#8243;][vc_single_image image=&#8221;9640&#8243; img_size=&#8221;full&#8221;][\/vc_column][\/vc_row][vc_row content_placement=&#8221;top&#8221; el_class=&#8221;vc_hidden-lg vc_hidden-md&#8221;][vc_column offset=&#8221;vc_col-lg-8&#8243;][vc_custom_heading text=&#8221;Art et id\u00e9es cadeaux&#8221; font_container=&#8221;tag:div|font_size:50px|text_align:center|color:%23333333|line_height:72px&#8221; use_theme_fonts=&#8221;&#8221; google_fonts=&#8221;font_family:Marcellus%3Aregular|font_style:400%20regular%3A400%3Anormal&#8221;][learts_space height=&#8221;0&#8243; height_lg=&#8221;0&#8243; height_md=&#8221;30&#8243; height_sm=&#8221;15&#8243; height_xs=&#8221;15&#8243;][vc_single_image image=&#8221;9640&#8243; img_size=&#8221;full&#8221; alignment=&#8221;center&#8221;][\/vc_column][\/vc_row][vc_row][vc_column css=&#8221;.vc_custom_1540362056363{padding-top: 0px !important;}&#8221;][learts_space height=&#8221;100&#8243; height_lg=&#8221;80&#8243; height_md=&#8221;50&#8243; height_sm=&#8221;30&#8243; height_xs=&#8221;20&#8243;][\/vc_column][\/vc_row][vc_row [&hellip;]<\/p>\n","protected":false},"author":8,"featured_media":0,"parent":0,"menu_order":0,"comment_status":"closed","ping_status":"closed","template":"","meta":{"footnotes":""},"class_list":["post-386","page","type-page","status-publish","hentry"],"yoast_head":"<!-- This site is optimized with the Yoast SEO plugin v27.3 - https:\/\/yoast.com\/product\/yoast-seo-wordpress\/ -->\n<title>Qui sommes-nous ? - Museal Editions<\/title>\n<meta name=\"description\" content=\"Nous sommes \u00e0 votre disposition pour cr\u00e9er, pour vous, le cadeau que vous souhaitez offrir \u00e0 vos proches, vos collaborateurs, ou \u00e0 vos clients\" \/>\n<meta name=\"robots\" content=\"index, follow, max-snippet:-1, max-image-preview:large, max-video-preview:-1\" \/>\n<link rel=\"canonical\" href=\"https:\/\/museal.com\/fr\/about-us\/\" \/>\n<meta property=\"og:locale\" content=\"fr_FR\" \/>\n<meta property=\"og:type\" content=\"article\" \/>\n<meta property=\"og:title\" content=\"Qui sommes-nous ? - Museal Editions\" \/>\n<meta property=\"og:description\" content=\"Nous sommes \u00e0 votre disposition pour cr\u00e9er, pour vous, le cadeau que vous souhaitez offrir \u00e0 vos proches, vos collaborateurs, ou \u00e0 vos clients\" \/>\n<meta property=\"og:url\" content=\"https:\/\/museal.com\/fr\/about-us\/\" \/>\n<meta property=\"og:site_name\" content=\"Museal Editions\" \/>\n<meta property=\"article:modified_time\" content=\"2023-12-19T14:44:03+00:00\" \/>\n<meta name=\"twitter:card\" content=\"summary_large_image\" \/>\n<script type=\"application\/ld+json\" class=\"yoast-schema-graph\">{\"@context\":\"https:\\\/\\\/schema.org\",\"@graph\":[{\"@type\":\"WebPage\",\"@id\":\"https:\\\/\\\/museal.com\\\/fr\\\/about-us\\\/\",\"url\":\"https:\\\/\\\/museal.com\\\/fr\\\/about-us\\\/\",\"name\":\"Qui sommes-nous ? - Museal Editions\",\"isPartOf\":{\"@id\":\"https:\\\/\\\/museal.com\\\/fr\\\/#website\"},\"datePublished\":\"2018-10-24T04:35:41+00:00\",\"dateModified\":\"2023-12-19T14:44:03+00:00\",\"description\":\"Nous sommes \u00e0 votre disposition pour cr\u00e9er, pour vous, le cadeau que vous souhaitez offrir \u00e0 vos proches, vos collaborateurs, ou \u00e0 vos clients\",\"breadcrumb\":{\"@id\":\"https:\\\/\\\/museal.com\\\/fr\\\/about-us\\\/#breadcrumb\"},\"inLanguage\":\"fr-FR\",\"potentialAction\":[{\"@type\":\"ReadAction\",\"target\":[\"https:\\\/\\\/museal.com\\\/fr\\\/about-us\\\/\"]}]},{\"@type\":\"BreadcrumbList\",\"@id\":\"https:\\\/\\\/museal.com\\\/fr\\\/about-us\\\/#breadcrumb\",\"itemListElement\":[{\"@type\":\"ListItem\",\"position\":1,\"name\":\"Accueil\",\"item\":\"https:\\\/\\\/museal.com\\\/fr\\\/\"},{\"@type\":\"ListItem\",\"position\":2,\"name\":\"Qui sommes-nous ?\"}]},{\"@type\":\"WebSite\",\"@id\":\"https:\\\/\\\/museal.com\\\/fr\\\/#website\",\"url\":\"https:\\\/\\\/museal.com\\\/fr\\\/\",\"name\":\"Museal Editions\",\"description\":\"Objets d&#039;art et de d\u00e9coration inspir\u00e9s du Patrimoine luxembourgeois\",\"publisher\":{\"@id\":\"https:\\\/\\\/museal.com\\\/fr\\\/#organization\"},\"potentialAction\":[{\"@type\":\"SearchAction\",\"target\":{\"@type\":\"EntryPoint\",\"urlTemplate\":\"https:\\\/\\\/museal.com\\\/fr\\\/?s={search_term_string}\"},\"query-input\":{\"@type\":\"PropertyValueSpecification\",\"valueRequired\":true,\"valueName\":\"search_term_string\"}}],\"inLanguage\":\"fr-FR\"},{\"@type\":\"Organization\",\"@id\":\"https:\\\/\\\/museal.com\\\/fr\\\/#organization\",\"name\":\"Museal Editions\",\"url\":\"https:\\\/\\\/museal.com\\\/fr\\\/\",\"logo\":{\"@type\":\"ImageObject\",\"inLanguage\":\"fr-FR\",\"@id\":\"https:\\\/\\\/museal.com\\\/fr\\\/#\\\/schema\\\/logo\\\/image\\\/\",\"url\":\"https:\\\/\\\/museal.com\\\/wp-content\\\/uploads\\\/2021\\\/05\\\/logo-e1621950424453.jpg\",\"contentUrl\":\"https:\\\/\\\/museal.com\\\/wp-content\\\/uploads\\\/2021\\\/05\\\/logo-e1621950424453.jpg\",\"width\":732,\"height\":574,\"caption\":\"Museal Editions\"},\"image\":{\"@id\":\"https:\\\/\\\/museal.com\\\/fr\\\/#\\\/schema\\\/logo\\\/image\\\/\"}}]}<\/script>\n<!-- \/ Yoast SEO plugin. -->","yoast_head_json":{"title":"Qui sommes-nous ? - Museal Editions","description":"Nous sommes \u00e0 votre disposition pour cr\u00e9er, pour vous, le cadeau que vous souhaitez offrir \u00e0 vos proches, vos collaborateurs, ou \u00e0 vos clients","robots":{"index":"index","follow":"follow","max-snippet":"max-snippet:-1","max-image-preview":"max-image-preview:large","max-video-preview":"max-video-preview:-1"},"canonical":"https:\/\/museal.com\/fr\/about-us\/","og_locale":"fr_FR","og_type":"article","og_title":"Qui sommes-nous ? - Museal Editions","og_description":"Nous sommes \u00e0 votre disposition pour cr\u00e9er, pour vous, le cadeau que vous souhaitez offrir \u00e0 vos proches, vos collaborateurs, ou \u00e0 vos clients","og_url":"https:\/\/museal.com\/fr\/about-us\/","og_site_name":"Museal Editions","article_modified_time":"2023-12-19T14:44:03+00:00","twitter_card":"summary_large_image","schema":{"@context":"https:\/\/schema.org","@graph":[{"@type":"WebPage","@id":"https:\/\/museal.com\/fr\/about-us\/","url":"https:\/\/museal.com\/fr\/about-us\/","name":"Qui sommes-nous ? - Museal Editions","isPartOf":{"@id":"https:\/\/museal.com\/fr\/#website"},"datePublished":"2018-10-24T04:35:41+00:00","dateModified":"2023-12-19T14:44:03+00:00","description":"Nous sommes \u00e0 votre disposition pour cr\u00e9er, pour vous, le cadeau que vous souhaitez offrir \u00e0 vos proches, vos collaborateurs, ou \u00e0 vos clients","breadcrumb":{"@id":"https:\/\/museal.com\/fr\/about-us\/#breadcrumb"},"inLanguage":"fr-FR","potentialAction":[{"@type":"ReadAction","target":["https:\/\/museal.com\/fr\/about-us\/"]}]},{"@type":"BreadcrumbList","@id":"https:\/\/museal.com\/fr\/about-us\/#breadcrumb","itemListElement":[{"@type":"ListItem","position":1,"name":"Accueil","item":"https:\/\/museal.com\/fr\/"},{"@type":"ListItem","position":2,"name":"Qui sommes-nous ?"}]},{"@type":"WebSite","@id":"https:\/\/museal.com\/fr\/#website","url":"https:\/\/museal.com\/fr\/","name":"Museal Editions","description":"Objets d&#039;art et de d\u00e9coration inspir\u00e9s du Patrimoine luxembourgeois","publisher":{"@id":"https:\/\/museal.com\/fr\/#organization"},"potentialAction":[{"@type":"SearchAction","target":{"@type":"EntryPoint","urlTemplate":"https:\/\/museal.com\/fr\/?s={search_term_string}"},"query-input":{"@type":"PropertyValueSpecification","valueRequired":true,"valueName":"search_term_string"}}],"inLanguage":"fr-FR"},{"@type":"Organization","@id":"https:\/\/museal.com\/fr\/#organization","name":"Museal Editions","url":"https:\/\/museal.com\/fr\/","logo":{"@type":"ImageObject","inLanguage":"fr-FR","@id":"https:\/\/museal.com\/fr\/#\/schema\/logo\/image\/","url":"https:\/\/museal.com\/wp-content\/uploads\/2021\/05\/logo-e1621950424453.jpg","contentUrl":"https:\/\/museal.com\/wp-content\/uploads\/2021\/05\/logo-e1621950424453.jpg","width":732,"height":574,"caption":"Museal Editions"},"image":{"@id":"https:\/\/museal.com\/fr\/#\/schema\/logo\/image\/"}}]}},"_links":{"self":[{"href":"https:\/\/museal.com\/fr\/wp-json\/wp\/v2\/pages\/386","targetHints":{"allow":["GET"]}}],"collection":[{"href":"https:\/\/museal.com\/fr\/wp-json\/wp\/v2\/pages"}],"about":[{"href":"https:\/\/museal.com\/fr\/wp-json\/wp\/v2\/types\/page"}],"author":[{"embeddable":true,"href":"https:\/\/museal.com\/fr\/wp-json\/wp\/v2\/users\/8"}],"replies":[{"embeddable":true,"href":"https:\/\/museal.com\/fr\/wp-json\/wp\/v2\/comments?post=386"}],"version-history":[{"count":43,"href":"https:\/\/museal.com\/fr\/wp-json\/wp\/v2\/pages\/386\/revisions"}],"predecessor-version":[{"id":14796,"href":"https:\/\/museal.com\/fr\/wp-json\/wp\/v2\/pages\/386\/revisions\/14796"}],"wp:attachment":[{"href":"https:\/\/museal.com\/fr\/wp-json\/wp\/v2\/media?parent=386"}],"curies":[{"name":"wp","href":"https:\/\/api.w.org\/{rel}","templated":true}]}}