{"id":11303,"date":"2021-08-07T07:29:00","date_gmt":"2021-08-07T05:29:00","guid":{"rendered":"http:\/\/shop.museal.com\/?post_type=product&#038;p=11303"},"modified":"2026-02-11T10:26:13","modified_gmt":"2026-02-11T09:26:13","slug":"melusine-par-serge-ecker-en-resine-magenta","status":"publish","type":"product","link":"https:\/\/museal.com\/fr\/produit\/melusine-par-serge-ecker-en-resine-magenta\/","title":{"rendered":"&#8220;Melusine&#8221; par Serge ECKER  en r\u00e9sine magenta"},"content":{"rendered":"<p>L\u2019artiste luxembourgeois Serge Ecker a con\u00e7u, \u00e0 l\u2019occasion du 1050e anniversaire de la ville de Luxembourg, une sculpture monumentale en b\u00e9ton \u00e9maill\u00e9 repr\u00e9sentant la figure l\u00e9gendaire de la M\u00e9lusine, revisit\u00e9e d\u2019une touche de modernit\u00e9, qui est une pi\u00e8ce ma\u00eetresse dans l\u2019histoire artistique de la capitale.<br \/>\nInstall\u00e9e sur la rive de l\u2019Alzette, face \u00e0 l\u2019\u00e9glise Saint Jean du Grund et \u00e0 l\u2019Abbaye de Neum\u00fcnster, elle est devenue aujourd\u2019hui l\u2019une des \u0153uvres majeures du paysage artistique urbain luxembourgeois.<\/p>\n<p>La M\u00e9lusine est directement li\u00e9e \u00e0 l\u2019origine de la Maison de Luxembourg et au comte Siegfried qui, en 963, construisit le premier ch\u00e2teau du royaume sur le rocher du \u00ab Bock \u00bb. Ce rocher ne constitue pas seulement le lieu mythique de la fondation de la ville de Luxembourg, c\u2019est \u00e9galement le royaume de la nymphe Melusina.<\/p>\n","protected":false},"excerpt":{"rendered":"<p>Les \u00e9ditions Museal ont propos\u00e9 \u00e0 Serge Ecker l\u2019\u00e9dition en 300 exemplaires d\u2019une s\u00e9rie de multiples sign\u00e9s et num\u00e9rot\u00e9s, reprenant au d\u00e9tail pr\u00e8s les lignes originales de son illustre mod\u00e8le. Edit\u00e9e dans une r\u00e9sine patin\u00e9e main de couleur magenta, chaque pi\u00e8ce repose sur un socle de marbre taill\u00e9, poli et adouci. Elle est pr\u00e9sent\u00e9e dans une luxueuse boite cadeau.<br \/>\nDimensions du Socle : 12 cm x 4 cm, poids : 560 g,<br \/>\nDimensions de la pi\u00e8ce : 14,5 cm x 15,6 cm x 7 cm, Poids : 136 g.<\/p>\n","protected":false},"featured_media":11304,"template":"","meta":[],"product_brand":[],"product_cat":[88,89],"product_tag":[],"class_list":{"0":"post-11303","1":"product","2":"type-product","3":"status-publish","4":"has-post-thumbnail","6":"product_cat-createurs-luxembourgeois","7":"product_cat-sculptures-et-bronzes-d-art","8":"product_shipping_class-categorie-b","10":"first","11":"instock","12":"taxable","13":"shipping-taxable","14":"purchasable","15":"product-type-simple"},"yoast_head":"<!-- This site is optimized with the Yoast SEO plugin v27.3 - https:\/\/yoast.com\/product\/yoast-seo-wordpress\/ -->\n<title>&quot;Melusine&quot; par Serge ECKER en r\u00e9sine magenta - Museal Editions<\/title>\n<meta name=\"description\" content=\"Sculpture M\u00e9lusine, d&#039;apr\u00e8s la pi\u00e8ce originale r\u00e9alis\u00e9e par Serge Ecker. Tirage 300 exemplaires num\u00e9rot\u00e9s et sign\u00e9s par l&#039;artiste.\" \/>\n<meta name=\"robots\" content=\"index, follow, max-snippet:-1, max-image-preview:large, max-video-preview:-1\" \/>\n<link rel=\"canonical\" href=\"https:\/\/museal.com\/fr\/produit\/melusine-par-serge-ecker-en-resine-magenta\/\" \/>\n<meta property=\"og:locale\" content=\"fr_FR\" \/>\n<meta property=\"og:type\" content=\"article\" \/>\n<meta property=\"og:title\" content=\"&quot;Melusine&quot; par Serge ECKER en r\u00e9sine magenta - Museal Editions\" \/>\n<meta property=\"og:description\" content=\"Sculpture M\u00e9lusine, d&#039;apr\u00e8s la pi\u00e8ce originale r\u00e9alis\u00e9e par Serge Ecker. Tirage 300 exemplaires num\u00e9rot\u00e9s et sign\u00e9s par l&#039;artiste.\" \/>\n<meta property=\"og:url\" content=\"https:\/\/museal.com\/fr\/produit\/melusine-par-serge-ecker-en-resine-magenta\/\" \/>\n<meta property=\"og:site_name\" content=\"Museal Editions\" \/>\n<meta property=\"article:modified_time\" content=\"2026-02-11T09:26:13+00:00\" \/>\n<meta property=\"og:image\" content=\"https:\/\/museal.com\/wp-content\/uploads\/2021\/08\/melusineS.Eckerresine88301810pix-1.jpg\" \/>\n\t<meta property=\"og:image:width\" content=\"810\" \/>\n\t<meta property=\"og:image:height\" content=\"1080\" \/>\n\t<meta property=\"og:image:type\" content=\"image\/jpeg\" \/>\n<meta name=\"twitter:card\" content=\"summary_large_image\" \/>\n<script type=\"application\/ld+json\" class=\"yoast-schema-graph\">{\"@context\":\"https:\\\/\\\/schema.org\",\"@graph\":[{\"@type\":\"WebPage\",\"@id\":\"https:\\\/\\\/museal.com\\\/fr\\\/produit\\\/melusine-par-serge-ecker-en-resine-magenta\\\/\",\"url\":\"https:\\\/\\\/museal.com\\\/fr\\\/produit\\\/melusine-par-serge-ecker-en-resine-magenta\\\/\",\"name\":\"\\\"Melusine\\\" par Serge ECKER en r\u00e9sine magenta - Museal Editions\",\"isPartOf\":{\"@id\":\"https:\\\/\\\/museal.com\\\/fr\\\/#website\"},\"primaryImageOfPage\":{\"@id\":\"https:\\\/\\\/museal.com\\\/fr\\\/produit\\\/melusine-par-serge-ecker-en-resine-magenta\\\/#primaryimage\"},\"image\":{\"@id\":\"https:\\\/\\\/museal.com\\\/fr\\\/produit\\\/melusine-par-serge-ecker-en-resine-magenta\\\/#primaryimage\"},\"thumbnailUrl\":\"https:\\\/\\\/museal.com\\\/wp-content\\\/uploads\\\/2021\\\/08\\\/melusineS.Eckerresine88301810pix-1.jpg\",\"datePublished\":\"2021-08-07T05:29:00+00:00\",\"dateModified\":\"2026-02-11T09:26:13+00:00\",\"description\":\"Sculpture M\u00e9lusine, d'apr\u00e8s la pi\u00e8ce originale r\u00e9alis\u00e9e par Serge Ecker. Tirage 300 exemplaires num\u00e9rot\u00e9s et sign\u00e9s par l'artiste.\",\"breadcrumb\":{\"@id\":\"https:\\\/\\\/museal.com\\\/fr\\\/produit\\\/melusine-par-serge-ecker-en-resine-magenta\\\/#breadcrumb\"},\"inLanguage\":\"fr-FR\",\"potentialAction\":[{\"@type\":\"ReadAction\",\"target\":[\"https:\\\/\\\/museal.com\\\/fr\\\/produit\\\/melusine-par-serge-ecker-en-resine-magenta\\\/\"]}]},{\"@type\":\"ImageObject\",\"inLanguage\":\"fr-FR\",\"@id\":\"https:\\\/\\\/museal.com\\\/fr\\\/produit\\\/melusine-par-serge-ecker-en-resine-magenta\\\/#primaryimage\",\"url\":\"https:\\\/\\\/museal.com\\\/wp-content\\\/uploads\\\/2021\\\/08\\\/melusineS.Eckerresine88301810pix-1.jpg\",\"contentUrl\":\"https:\\\/\\\/museal.com\\\/wp-content\\\/uploads\\\/2021\\\/08\\\/melusineS.Eckerresine88301810pix-1.jpg\",\"width\":810,\"height\":1080},{\"@type\":\"BreadcrumbList\",\"@id\":\"https:\\\/\\\/museal.com\\\/fr\\\/produit\\\/melusine-par-serge-ecker-en-resine-magenta\\\/#breadcrumb\",\"itemListElement\":[{\"@type\":\"ListItem\",\"position\":1,\"name\":\"Accueil\",\"item\":\"https:\\\/\\\/museal.com\\\/fr\\\/\"},{\"@type\":\"ListItem\",\"position\":2,\"name\":\"Boutique\",\"item\":\"https:\\\/\\\/museal.com\\\/fr\\\/boutique\\\/\"},{\"@type\":\"ListItem\",\"position\":3,\"name\":\"&#8220;Melusine&#8221; par Serge ECKER en r\u00e9sine magenta\"}]},{\"@type\":\"WebSite\",\"@id\":\"https:\\\/\\\/museal.com\\\/fr\\\/#website\",\"url\":\"https:\\\/\\\/museal.com\\\/fr\\\/\",\"name\":\"Museal Editions\",\"description\":\"Objets d&#039;art et de d\u00e9coration inspir\u00e9s du Patrimoine luxembourgeois\",\"publisher\":{\"@id\":\"https:\\\/\\\/museal.com\\\/fr\\\/#organization\"},\"potentialAction\":[{\"@type\":\"SearchAction\",\"target\":{\"@type\":\"EntryPoint\",\"urlTemplate\":\"https:\\\/\\\/museal.com\\\/fr\\\/?s={search_term_string}\"},\"query-input\":{\"@type\":\"PropertyValueSpecification\",\"valueRequired\":true,\"valueName\":\"search_term_string\"}}],\"inLanguage\":\"fr-FR\"},{\"@type\":\"Organization\",\"@id\":\"https:\\\/\\\/museal.com\\\/fr\\\/#organization\",\"name\":\"Museal Editions\",\"url\":\"https:\\\/\\\/museal.com\\\/fr\\\/\",\"logo\":{\"@type\":\"ImageObject\",\"inLanguage\":\"fr-FR\",\"@id\":\"https:\\\/\\\/museal.com\\\/fr\\\/#\\\/schema\\\/logo\\\/image\\\/\",\"url\":\"https:\\\/\\\/museal.com\\\/wp-content\\\/uploads\\\/2021\\\/05\\\/logo-e1621950424453.jpg\",\"contentUrl\":\"https:\\\/\\\/museal.com\\\/wp-content\\\/uploads\\\/2021\\\/05\\\/logo-e1621950424453.jpg\",\"width\":732,\"height\":574,\"caption\":\"Museal Editions\"},\"image\":{\"@id\":\"https:\\\/\\\/museal.com\\\/fr\\\/#\\\/schema\\\/logo\\\/image\\\/\"}}]}<\/script>\n<!-- \/ Yoast SEO plugin. -->","yoast_head_json":{"title":"\"Melusine\" par Serge ECKER en r\u00e9sine magenta - Museal Editions","description":"Sculpture M\u00e9lusine, d'apr\u00e8s la pi\u00e8ce originale r\u00e9alis\u00e9e par Serge Ecker. Tirage 300 exemplaires num\u00e9rot\u00e9s et sign\u00e9s par l'artiste.","robots":{"index":"index","follow":"follow","max-snippet":"max-snippet:-1","max-image-preview":"max-image-preview:large","max-video-preview":"max-video-preview:-1"},"canonical":"https:\/\/museal.com\/fr\/produit\/melusine-par-serge-ecker-en-resine-magenta\/","og_locale":"fr_FR","og_type":"article","og_title":"\"Melusine\" par Serge ECKER en r\u00e9sine magenta - Museal Editions","og_description":"Sculpture M\u00e9lusine, d'apr\u00e8s la pi\u00e8ce originale r\u00e9alis\u00e9e par Serge Ecker. Tirage 300 exemplaires num\u00e9rot\u00e9s et sign\u00e9s par l'artiste.","og_url":"https:\/\/museal.com\/fr\/produit\/melusine-par-serge-ecker-en-resine-magenta\/","og_site_name":"Museal Editions","article_modified_time":"2026-02-11T09:26:13+00:00","og_image":[{"width":810,"height":1080,"url":"https:\/\/museal.com\/wp-content\/uploads\/2021\/08\/melusineS.Eckerresine88301810pix-1.jpg","type":"image\/jpeg"}],"twitter_card":"summary_large_image","schema":{"@context":"https:\/\/schema.org","@graph":[{"@type":"WebPage","@id":"https:\/\/museal.com\/fr\/produit\/melusine-par-serge-ecker-en-resine-magenta\/","url":"https:\/\/museal.com\/fr\/produit\/melusine-par-serge-ecker-en-resine-magenta\/","name":"\"Melusine\" par Serge ECKER en r\u00e9sine magenta - Museal Editions","isPartOf":{"@id":"https:\/\/museal.com\/fr\/#website"},"primaryImageOfPage":{"@id":"https:\/\/museal.com\/fr\/produit\/melusine-par-serge-ecker-en-resine-magenta\/#primaryimage"},"image":{"@id":"https:\/\/museal.com\/fr\/produit\/melusine-par-serge-ecker-en-resine-magenta\/#primaryimage"},"thumbnailUrl":"https:\/\/museal.com\/wp-content\/uploads\/2021\/08\/melusineS.Eckerresine88301810pix-1.jpg","datePublished":"2021-08-07T05:29:00+00:00","dateModified":"2026-02-11T09:26:13+00:00","description":"Sculpture M\u00e9lusine, d'apr\u00e8s la pi\u00e8ce originale r\u00e9alis\u00e9e par Serge Ecker. Tirage 300 exemplaires num\u00e9rot\u00e9s et sign\u00e9s par l'artiste.","breadcrumb":{"@id":"https:\/\/museal.com\/fr\/produit\/melusine-par-serge-ecker-en-resine-magenta\/#breadcrumb"},"inLanguage":"fr-FR","potentialAction":[{"@type":"ReadAction","target":["https:\/\/museal.com\/fr\/produit\/melusine-par-serge-ecker-en-resine-magenta\/"]}]},{"@type":"ImageObject","inLanguage":"fr-FR","@id":"https:\/\/museal.com\/fr\/produit\/melusine-par-serge-ecker-en-resine-magenta\/#primaryimage","url":"https:\/\/museal.com\/wp-content\/uploads\/2021\/08\/melusineS.Eckerresine88301810pix-1.jpg","contentUrl":"https:\/\/museal.com\/wp-content\/uploads\/2021\/08\/melusineS.Eckerresine88301810pix-1.jpg","width":810,"height":1080},{"@type":"BreadcrumbList","@id":"https:\/\/museal.com\/fr\/produit\/melusine-par-serge-ecker-en-resine-magenta\/#breadcrumb","itemListElement":[{"@type":"ListItem","position":1,"name":"Accueil","item":"https:\/\/museal.com\/fr\/"},{"@type":"ListItem","position":2,"name":"Boutique","item":"https:\/\/museal.com\/fr\/boutique\/"},{"@type":"ListItem","position":3,"name":"&#8220;Melusine&#8221; par Serge ECKER en r\u00e9sine magenta"}]},{"@type":"WebSite","@id":"https:\/\/museal.com\/fr\/#website","url":"https:\/\/museal.com\/fr\/","name":"Museal Editions","description":"Objets d&#039;art et de d\u00e9coration inspir\u00e9s du Patrimoine luxembourgeois","publisher":{"@id":"https:\/\/museal.com\/fr\/#organization"},"potentialAction":[{"@type":"SearchAction","target":{"@type":"EntryPoint","urlTemplate":"https:\/\/museal.com\/fr\/?s={search_term_string}"},"query-input":{"@type":"PropertyValueSpecification","valueRequired":true,"valueName":"search_term_string"}}],"inLanguage":"fr-FR"},{"@type":"Organization","@id":"https:\/\/museal.com\/fr\/#organization","name":"Museal Editions","url":"https:\/\/museal.com\/fr\/","logo":{"@type":"ImageObject","inLanguage":"fr-FR","@id":"https:\/\/museal.com\/fr\/#\/schema\/logo\/image\/","url":"https:\/\/museal.com\/wp-content\/uploads\/2021\/05\/logo-e1621950424453.jpg","contentUrl":"https:\/\/museal.com\/wp-content\/uploads\/2021\/05\/logo-e1621950424453.jpg","width":732,"height":574,"caption":"Museal Editions"},"image":{"@id":"https:\/\/museal.com\/fr\/#\/schema\/logo\/image\/"}}]}},"_links":{"self":[{"href":"https:\/\/museal.com\/fr\/wp-json\/wp\/v2\/product\/11303","targetHints":{"allow":["GET"]}}],"collection":[{"href":"https:\/\/museal.com\/fr\/wp-json\/wp\/v2\/product"}],"about":[{"href":"https:\/\/museal.com\/fr\/wp-json\/wp\/v2\/types\/product"}],"wp:featuredmedia":[{"embeddable":true,"href":"https:\/\/museal.com\/fr\/wp-json\/wp\/v2\/media\/11304"}],"wp:attachment":[{"href":"https:\/\/museal.com\/fr\/wp-json\/wp\/v2\/media?parent=11303"}],"wp:term":[{"taxonomy":"product_brand","embeddable":true,"href":"https:\/\/museal.com\/fr\/wp-json\/wp\/v2\/product_brand?post=11303"},{"taxonomy":"product_cat","embeddable":true,"href":"https:\/\/museal.com\/fr\/wp-json\/wp\/v2\/product_cat?post=11303"},{"taxonomy":"product_tag","embeddable":true,"href":"https:\/\/museal.com\/fr\/wp-json\/wp\/v2\/product_tag?post=11303"}],"curies":[{"name":"wp","href":"https:\/\/api.w.org\/{rel}","templated":true}]}}