{"id":12328,"date":"2022-01-20T11:02:29","date_gmt":"2022-01-20T10:02:29","guid":{"rendered":"https:\/\/shop.museal.com\/?post_type=product&#038;p=12328"},"modified":"2025-06-26T12:15:25","modified_gmt":"2025-06-26T10:15:25","slug":"la-vierge-noire-de-luxembourg-bronze-dart","status":"publish","type":"product","link":"https:\/\/museal.com\/fr\/produit\/la-vierge-noire-de-luxembourg-bronze-dart\/","title":{"rendered":"La Vierge Noire de Luxembourg, bronze d&#8217;art"},"content":{"rendered":"<div>La Vierge Noire \u00e0 l\u2019enfant de l\u2019Eglise Saint Jean du Grund est consid\u00e9r\u00e9e comme l\u2019une des plus belles vierges noires de style gothique en Europe. L\u2019original datant du 14\u00e8me si\u00e8cle mesure 1,20 m et a \u00e9t\u00e9 fabriqu\u00e9 en bois dans la R\u00e9gion de Cologne. Son style est clairement influenc\u00e9 par les \u0153uvres des sculpteurs Heinrich Parler et son fils Peter (1330-1399) qui ont r\u00e9volutionn\u00e9 l\u2019art gothique.<\/div>\n<div>Conserv\u00e9e \u00e0 l\u2019origine dans un monast\u00e8re franciscain, qui se trouvait sur l\u2019actuelle place Guillaume \u00e0 Luxembourg, elle fut cach\u00e9e plusieurs ann\u00e9es afin d\u2019\u00e9viter sa destruction par les r\u00e9volutionnaires Fran\u00e7ais. C\u2019est 1805 qu\u2019elle trouve d\u00e9finitivement sa place dans une chapelle de l\u2019Eglise Saint Jean du Grund.<\/div>\n<div>De nos jours, la Vierge Noire de Luxembourg fait l\u2019objet d\u2019une v\u00e9n\u00e9ration toute particuli\u00e8re au Grand-Duch\u00e9 et alentours.<\/div>\n","protected":false},"excerpt":{"rendered":"<div>Reproduction de la Vierge Noire, en bronze d\u2019art, patin\u00e9e \u00e0 chaud dans les tons noir et or par une prestigieuse fonderie de la Grande R\u00e9gion.<\/div>\n<div>Edition en s\u00e9rie limit\u00e9e et num\u00e9rot\u00e9e sur 50 exemplaires, grav\u00e9e du cachet Museal Editions,\u00a0livr\u00e9e avec un certificat d&#8217;origine.<\/div>\n<div>Dimensions : Hauteur : 35 cm. Poids : 3,2 kg<\/div>\n","protected":false},"featured_media":13778,"template":"","meta":[],"product_brand":[],"product_cat":[89],"product_tag":[],"class_list":{"0":"post-12328","1":"product","2":"type-product","3":"status-publish","4":"has-post-thumbnail","6":"product_cat-sculptures-et-bronzes-d-art","8":"first","9":"instock","10":"taxable","11":"shipping-taxable","12":"purchasable","13":"product-type-simple"},"yoast_head":"<!-- This site is optimized with the Yoast SEO plugin v27.3 - https:\/\/yoast.com\/product\/yoast-seo-wordpress\/ -->\n<title>La Vierge Noire de Luxembourg, bronze d&#039;art - Museal Editions<\/title>\n<meta name=\"description\" content=\"Reproduction de la Vierge Noire, en bronze d\u2019art, patin\u00e9e \u00e0 chaud dans les tons noir et or par une prestigieuse fonderie de la Grande R\u00e9gion.\" \/>\n<meta name=\"robots\" content=\"index, follow, max-snippet:-1, max-image-preview:large, max-video-preview:-1\" \/>\n<link rel=\"canonical\" href=\"https:\/\/museal.com\/fr\/produit\/la-vierge-noire-de-luxembourg-bronze-dart\/\" \/>\n<meta property=\"og:locale\" content=\"fr_FR\" \/>\n<meta property=\"og:type\" content=\"article\" \/>\n<meta property=\"og:title\" content=\"La Vierge Noire de Luxembourg, bronze d&#039;art - Museal Editions\" \/>\n<meta property=\"og:description\" content=\"Reproduction de la Vierge Noire, en bronze d\u2019art, patin\u00e9e \u00e0 chaud dans les tons noir et or par une prestigieuse fonderie de la Grande R\u00e9gion.\" \/>\n<meta property=\"og:url\" content=\"https:\/\/museal.com\/fr\/produit\/la-vierge-noire-de-luxembourg-bronze-dart\/\" \/>\n<meta property=\"og:site_name\" content=\"Museal Editions\" \/>\n<meta property=\"article:modified_time\" content=\"2025-06-26T10:15:25+00:00\" \/>\n<meta property=\"og:image\" content=\"https:\/\/museal.com\/wp-content\/uploads\/2022\/01\/vierge-noire.png\" \/>\n\t<meta property=\"og:image:width\" content=\"1500\" \/>\n\t<meta property=\"og:image:height\" content=\"2000\" \/>\n\t<meta property=\"og:image:type\" content=\"image\/png\" \/>\n<meta name=\"twitter:card\" content=\"summary_large_image\" \/>\n<script type=\"application\/ld+json\" class=\"yoast-schema-graph\">{\"@context\":\"https:\\\/\\\/schema.org\",\"@graph\":[{\"@type\":\"WebPage\",\"@id\":\"https:\\\/\\\/museal.com\\\/fr\\\/produit\\\/la-vierge-noire-de-luxembourg-bronze-dart\\\/\",\"url\":\"https:\\\/\\\/museal.com\\\/fr\\\/produit\\\/la-vierge-noire-de-luxembourg-bronze-dart\\\/\",\"name\":\"La Vierge Noire de Luxembourg, bronze d'art - Museal Editions\",\"isPartOf\":{\"@id\":\"https:\\\/\\\/museal.com\\\/fr\\\/#website\"},\"primaryImageOfPage\":{\"@id\":\"https:\\\/\\\/museal.com\\\/fr\\\/produit\\\/la-vierge-noire-de-luxembourg-bronze-dart\\\/#primaryimage\"},\"image\":{\"@id\":\"https:\\\/\\\/museal.com\\\/fr\\\/produit\\\/la-vierge-noire-de-luxembourg-bronze-dart\\\/#primaryimage\"},\"thumbnailUrl\":\"https:\\\/\\\/museal.com\\\/wp-content\\\/uploads\\\/2022\\\/01\\\/vierge-noire.png\",\"datePublished\":\"2022-01-20T10:02:29+00:00\",\"dateModified\":\"2025-06-26T10:15:25+00:00\",\"description\":\"Reproduction de la Vierge Noire, en bronze d\u2019art, patin\u00e9e \u00e0 chaud dans les tons noir et or par une prestigieuse fonderie de la Grande R\u00e9gion.\",\"breadcrumb\":{\"@id\":\"https:\\\/\\\/museal.com\\\/fr\\\/produit\\\/la-vierge-noire-de-luxembourg-bronze-dart\\\/#breadcrumb\"},\"inLanguage\":\"fr-FR\",\"potentialAction\":[{\"@type\":\"ReadAction\",\"target\":[\"https:\\\/\\\/museal.com\\\/fr\\\/produit\\\/la-vierge-noire-de-luxembourg-bronze-dart\\\/\"]}]},{\"@type\":\"ImageObject\",\"inLanguage\":\"fr-FR\",\"@id\":\"https:\\\/\\\/museal.com\\\/fr\\\/produit\\\/la-vierge-noire-de-luxembourg-bronze-dart\\\/#primaryimage\",\"url\":\"https:\\\/\\\/museal.com\\\/wp-content\\\/uploads\\\/2022\\\/01\\\/vierge-noire.png\",\"contentUrl\":\"https:\\\/\\\/museal.com\\\/wp-content\\\/uploads\\\/2022\\\/01\\\/vierge-noire.png\",\"width\":1500,\"height\":2000},{\"@type\":\"BreadcrumbList\",\"@id\":\"https:\\\/\\\/museal.com\\\/fr\\\/produit\\\/la-vierge-noire-de-luxembourg-bronze-dart\\\/#breadcrumb\",\"itemListElement\":[{\"@type\":\"ListItem\",\"position\":1,\"name\":\"Accueil\",\"item\":\"https:\\\/\\\/museal.com\\\/fr\\\/\"},{\"@type\":\"ListItem\",\"position\":2,\"name\":\"Boutique\",\"item\":\"https:\\\/\\\/museal.com\\\/fr\\\/boutique\\\/\"},{\"@type\":\"ListItem\",\"position\":3,\"name\":\"La Vierge Noire de Luxembourg, bronze d&#8217;art\"}]},{\"@type\":\"WebSite\",\"@id\":\"https:\\\/\\\/museal.com\\\/fr\\\/#website\",\"url\":\"https:\\\/\\\/museal.com\\\/fr\\\/\",\"name\":\"Museal Editions\",\"description\":\"Objets d&#039;art et de d\u00e9coration inspir\u00e9s du Patrimoine luxembourgeois\",\"publisher\":{\"@id\":\"https:\\\/\\\/museal.com\\\/fr\\\/#organization\"},\"potentialAction\":[{\"@type\":\"SearchAction\",\"target\":{\"@type\":\"EntryPoint\",\"urlTemplate\":\"https:\\\/\\\/museal.com\\\/fr\\\/?s={search_term_string}\"},\"query-input\":{\"@type\":\"PropertyValueSpecification\",\"valueRequired\":true,\"valueName\":\"search_term_string\"}}],\"inLanguage\":\"fr-FR\"},{\"@type\":\"Organization\",\"@id\":\"https:\\\/\\\/museal.com\\\/fr\\\/#organization\",\"name\":\"Museal Editions\",\"url\":\"https:\\\/\\\/museal.com\\\/fr\\\/\",\"logo\":{\"@type\":\"ImageObject\",\"inLanguage\":\"fr-FR\",\"@id\":\"https:\\\/\\\/museal.com\\\/fr\\\/#\\\/schema\\\/logo\\\/image\\\/\",\"url\":\"https:\\\/\\\/museal.com\\\/wp-content\\\/uploads\\\/2021\\\/05\\\/logo-e1621950424453.jpg\",\"contentUrl\":\"https:\\\/\\\/museal.com\\\/wp-content\\\/uploads\\\/2021\\\/05\\\/logo-e1621950424453.jpg\",\"width\":732,\"height\":574,\"caption\":\"Museal Editions\"},\"image\":{\"@id\":\"https:\\\/\\\/museal.com\\\/fr\\\/#\\\/schema\\\/logo\\\/image\\\/\"}}]}<\/script>\n<!-- \/ Yoast SEO plugin. -->","yoast_head_json":{"title":"La Vierge Noire de Luxembourg, bronze d'art - Museal Editions","description":"Reproduction de la Vierge Noire, en bronze d\u2019art, patin\u00e9e \u00e0 chaud dans les tons noir et or par une prestigieuse fonderie de la Grande R\u00e9gion.","robots":{"index":"index","follow":"follow","max-snippet":"max-snippet:-1","max-image-preview":"max-image-preview:large","max-video-preview":"max-video-preview:-1"},"canonical":"https:\/\/museal.com\/fr\/produit\/la-vierge-noire-de-luxembourg-bronze-dart\/","og_locale":"fr_FR","og_type":"article","og_title":"La Vierge Noire de Luxembourg, bronze d'art - Museal Editions","og_description":"Reproduction de la Vierge Noire, en bronze d\u2019art, patin\u00e9e \u00e0 chaud dans les tons noir et or par une prestigieuse fonderie de la Grande R\u00e9gion.","og_url":"https:\/\/museal.com\/fr\/produit\/la-vierge-noire-de-luxembourg-bronze-dart\/","og_site_name":"Museal Editions","article_modified_time":"2025-06-26T10:15:25+00:00","og_image":[{"width":1500,"height":2000,"url":"https:\/\/museal.com\/wp-content\/uploads\/2022\/01\/vierge-noire.png","type":"image\/png"}],"twitter_card":"summary_large_image","schema":{"@context":"https:\/\/schema.org","@graph":[{"@type":"WebPage","@id":"https:\/\/museal.com\/fr\/produit\/la-vierge-noire-de-luxembourg-bronze-dart\/","url":"https:\/\/museal.com\/fr\/produit\/la-vierge-noire-de-luxembourg-bronze-dart\/","name":"La Vierge Noire de Luxembourg, bronze d'art - Museal Editions","isPartOf":{"@id":"https:\/\/museal.com\/fr\/#website"},"primaryImageOfPage":{"@id":"https:\/\/museal.com\/fr\/produit\/la-vierge-noire-de-luxembourg-bronze-dart\/#primaryimage"},"image":{"@id":"https:\/\/museal.com\/fr\/produit\/la-vierge-noire-de-luxembourg-bronze-dart\/#primaryimage"},"thumbnailUrl":"https:\/\/museal.com\/wp-content\/uploads\/2022\/01\/vierge-noire.png","datePublished":"2022-01-20T10:02:29+00:00","dateModified":"2025-06-26T10:15:25+00:00","description":"Reproduction de la Vierge Noire, en bronze d\u2019art, patin\u00e9e \u00e0 chaud dans les tons noir et or par une prestigieuse fonderie de la Grande R\u00e9gion.","breadcrumb":{"@id":"https:\/\/museal.com\/fr\/produit\/la-vierge-noire-de-luxembourg-bronze-dart\/#breadcrumb"},"inLanguage":"fr-FR","potentialAction":[{"@type":"ReadAction","target":["https:\/\/museal.com\/fr\/produit\/la-vierge-noire-de-luxembourg-bronze-dart\/"]}]},{"@type":"ImageObject","inLanguage":"fr-FR","@id":"https:\/\/museal.com\/fr\/produit\/la-vierge-noire-de-luxembourg-bronze-dart\/#primaryimage","url":"https:\/\/museal.com\/wp-content\/uploads\/2022\/01\/vierge-noire.png","contentUrl":"https:\/\/museal.com\/wp-content\/uploads\/2022\/01\/vierge-noire.png","width":1500,"height":2000},{"@type":"BreadcrumbList","@id":"https:\/\/museal.com\/fr\/produit\/la-vierge-noire-de-luxembourg-bronze-dart\/#breadcrumb","itemListElement":[{"@type":"ListItem","position":1,"name":"Accueil","item":"https:\/\/museal.com\/fr\/"},{"@type":"ListItem","position":2,"name":"Boutique","item":"https:\/\/museal.com\/fr\/boutique\/"},{"@type":"ListItem","position":3,"name":"La Vierge Noire de Luxembourg, bronze d&#8217;art"}]},{"@type":"WebSite","@id":"https:\/\/museal.com\/fr\/#website","url":"https:\/\/museal.com\/fr\/","name":"Museal Editions","description":"Objets d&#039;art et de d\u00e9coration inspir\u00e9s du Patrimoine luxembourgeois","publisher":{"@id":"https:\/\/museal.com\/fr\/#organization"},"potentialAction":[{"@type":"SearchAction","target":{"@type":"EntryPoint","urlTemplate":"https:\/\/museal.com\/fr\/?s={search_term_string}"},"query-input":{"@type":"PropertyValueSpecification","valueRequired":true,"valueName":"search_term_string"}}],"inLanguage":"fr-FR"},{"@type":"Organization","@id":"https:\/\/museal.com\/fr\/#organization","name":"Museal Editions","url":"https:\/\/museal.com\/fr\/","logo":{"@type":"ImageObject","inLanguage":"fr-FR","@id":"https:\/\/museal.com\/fr\/#\/schema\/logo\/image\/","url":"https:\/\/museal.com\/wp-content\/uploads\/2021\/05\/logo-e1621950424453.jpg","contentUrl":"https:\/\/museal.com\/wp-content\/uploads\/2021\/05\/logo-e1621950424453.jpg","width":732,"height":574,"caption":"Museal Editions"},"image":{"@id":"https:\/\/museal.com\/fr\/#\/schema\/logo\/image\/"}}]}},"_links":{"self":[{"href":"https:\/\/museal.com\/fr\/wp-json\/wp\/v2\/product\/12328","targetHints":{"allow":["GET"]}}],"collection":[{"href":"https:\/\/museal.com\/fr\/wp-json\/wp\/v2\/product"}],"about":[{"href":"https:\/\/museal.com\/fr\/wp-json\/wp\/v2\/types\/product"}],"wp:featuredmedia":[{"embeddable":true,"href":"https:\/\/museal.com\/fr\/wp-json\/wp\/v2\/media\/13778"}],"wp:attachment":[{"href":"https:\/\/museal.com\/fr\/wp-json\/wp\/v2\/media?parent=12328"}],"wp:term":[{"taxonomy":"product_brand","embeddable":true,"href":"https:\/\/museal.com\/fr\/wp-json\/wp\/v2\/product_brand?post=12328"},{"taxonomy":"product_cat","embeddable":true,"href":"https:\/\/museal.com\/fr\/wp-json\/wp\/v2\/product_cat?post=12328"},{"taxonomy":"product_tag","embeddable":true,"href":"https:\/\/museal.com\/fr\/wp-json\/wp\/v2\/product_tag?post=12328"}],"curies":[{"name":"wp","href":"https:\/\/api.w.org\/{rel}","templated":true}]}}