{"id":12455,"date":"2022-01-21T09:42:26","date_gmt":"2022-01-21T08:42:26","guid":{"rendered":"https:\/\/shop.museal.com\/?post_type=product&#038;p=12455"},"modified":"2024-01-01T23:06:56","modified_gmt":"2024-01-01T22:06:56","slug":"medaille-en-bronze-gelle-fra","status":"publish","type":"product","link":"https:\/\/museal.com\/fr\/produit\/medaille-en-bronze-gelle-fra\/","title":{"rendered":"M\u00e9daille en Bronze &#8220;G\u00eblle Fra&#8221;"},"content":{"rendered":"<p>\u00c9rig\u00e9e en plein c\u0153ur de Luxembourg, place de la constitution, en 1922, cette sculpture f\u00e9minine s\u2019appelait \u00e0 l\u2019\u00e9poque la \u201cReine de la paix\u201d. Le monument est constitu\u00e9 d\u2019un socle carr\u00e9 sur\u00e9lev\u00e9 soutenant un ob\u00e9lisque de 21 m\u00e8tres de haut, avec \u00e0 son sommet la statue dor\u00e9e d\u2019une femme qui, a bout de bras, tend une couronne de laurier.<\/p>\n<p>Command\u00e9e au c\u00e9l\u00e8bre sculpteur luxembourgeois Claus CITO en hommage aux soldats luxembourgeois disparus durant la premi\u00e8re guerre mondiale, puis d\u00e9mont\u00e9e par l\u2019occupant allemand en 1940, la \u201cfemme en or\u201d n\u2019a retrouv\u00e9 son pi\u00e9destal qu\u2019en 1985, \u00e0 la suite de rocambolesques p\u00e9rip\u00e9ties. Au del\u00e0 du monument du souvenir honorant les combattants tomb\u00e9s pour la patrie au cours des conflits du XX\u00e8me si\u00e8cle, la \u201cG\u00eblle Fra\u201d est aujourd\u2019hui un symbole des valeurs d\u00e9mocratiques de libert\u00e9 et de paix.<\/p>\n","protected":false},"excerpt":{"rendered":"<p>M\u00e9daille \u00e0 l&#8217;effigie de la G\u00eblle Fra en bronze, r\u00e9alis\u00e9e par Nello Raffaelli, peintre luxembourgeois. Diam\u00e8tre 8cm, poids 280g. Livr\u00e9e dans un \u00e9crin, avec chevalet de pr\u00e9sentation. 100 exemplaires num\u00e9rot\u00e9s.<\/p>\n","protected":false},"featured_media":13782,"template":"","meta":[],"product_brand":[],"product_cat":[89],"product_tag":[],"class_list":{"0":"post-12455","1":"product","2":"type-product","3":"status-publish","4":"has-post-thumbnail","6":"product_cat-sculptures-et-bronzes-d-art","8":"first","9":"instock","10":"taxable","11":"shipping-taxable","12":"purchasable","13":"product-type-simple"},"yoast_head":"<!-- This site is optimized with the Yoast SEO plugin v27.3 - https:\/\/yoast.com\/product\/yoast-seo-wordpress\/ -->\n<title>M\u00e9daille en Bronze &quot;G\u00eblle Fra&quot; - Museal Editions<\/title>\n<meta name=\"description\" content=\"M\u00e9daille \u00e0 l&#039;effigie de la G\u00eblle Fra en bronze, r\u00e9alis\u00e9e par Nello Raffaelli, peintre luxembourgeois. Livr\u00e9e dans un \u00e9crin.\u00a0100 exemplaires num\u00e9rot\u00e9s.\" \/>\n<meta name=\"robots\" content=\"index, follow, max-snippet:-1, max-image-preview:large, max-video-preview:-1\" \/>\n<link rel=\"canonical\" href=\"https:\/\/museal.com\/fr\/produit\/medaille-en-bronze-gelle-fra\/\" \/>\n<meta property=\"og:locale\" content=\"fr_FR\" \/>\n<meta property=\"og:type\" content=\"article\" \/>\n<meta property=\"og:title\" content=\"M\u00e9daille en Bronze &quot;G\u00eblle Fra&quot; - Museal Editions\" \/>\n<meta property=\"og:description\" content=\"M\u00e9daille \u00e0 l&#039;effigie de la G\u00eblle Fra en bronze, r\u00e9alis\u00e9e par Nello Raffaelli, peintre luxembourgeois. Livr\u00e9e dans un \u00e9crin.\u00a0100 exemplaires num\u00e9rot\u00e9s.\" \/>\n<meta property=\"og:url\" content=\"https:\/\/museal.com\/fr\/produit\/medaille-en-bronze-gelle-fra\/\" \/>\n<meta property=\"og:site_name\" content=\"Museal Editions\" \/>\n<meta property=\"article:modified_time\" content=\"2024-01-01T22:06:56+00:00\" \/>\n<meta property=\"og:image\" content=\"https:\/\/museal.com\/wp-content\/uploads\/2022\/01\/medaille-gelle-fra-768x1024.png\" \/>\n\t<meta property=\"og:image:width\" content=\"768\" \/>\n\t<meta property=\"og:image:height\" content=\"1024\" \/>\n\t<meta property=\"og:image:type\" content=\"image\/png\" \/>\n<meta name=\"twitter:card\" content=\"summary_large_image\" \/>\n<script type=\"application\/ld+json\" class=\"yoast-schema-graph\">{\"@context\":\"https:\\\/\\\/schema.org\",\"@graph\":[{\"@type\":\"WebPage\",\"@id\":\"https:\\\/\\\/museal.com\\\/fr\\\/produit\\\/medaille-en-bronze-gelle-fra\\\/\",\"url\":\"https:\\\/\\\/museal.com\\\/fr\\\/produit\\\/medaille-en-bronze-gelle-fra\\\/\",\"name\":\"M\u00e9daille en Bronze \\\"G\u00eblle Fra\\\" - Museal Editions\",\"isPartOf\":{\"@id\":\"https:\\\/\\\/museal.com\\\/fr\\\/#website\"},\"primaryImageOfPage\":{\"@id\":\"https:\\\/\\\/museal.com\\\/fr\\\/produit\\\/medaille-en-bronze-gelle-fra\\\/#primaryimage\"},\"image\":{\"@id\":\"https:\\\/\\\/museal.com\\\/fr\\\/produit\\\/medaille-en-bronze-gelle-fra\\\/#primaryimage\"},\"thumbnailUrl\":\"https:\\\/\\\/museal.com\\\/wp-content\\\/uploads\\\/2022\\\/01\\\/medaille-gelle-fra.png\",\"datePublished\":\"2022-01-21T08:42:26+00:00\",\"dateModified\":\"2024-01-01T22:06:56+00:00\",\"description\":\"M\u00e9daille \u00e0 l'effigie de la G\u00eblle Fra en bronze, r\u00e9alis\u00e9e par Nello Raffaelli, peintre luxembourgeois. Livr\u00e9e dans un \u00e9crin.\u00a0100 exemplaires num\u00e9rot\u00e9s.\",\"breadcrumb\":{\"@id\":\"https:\\\/\\\/museal.com\\\/fr\\\/produit\\\/medaille-en-bronze-gelle-fra\\\/#breadcrumb\"},\"inLanguage\":\"fr-FR\",\"potentialAction\":[{\"@type\":\"ReadAction\",\"target\":[\"https:\\\/\\\/museal.com\\\/fr\\\/produit\\\/medaille-en-bronze-gelle-fra\\\/\"]}]},{\"@type\":\"ImageObject\",\"inLanguage\":\"fr-FR\",\"@id\":\"https:\\\/\\\/museal.com\\\/fr\\\/produit\\\/medaille-en-bronze-gelle-fra\\\/#primaryimage\",\"url\":\"https:\\\/\\\/museal.com\\\/wp-content\\\/uploads\\\/2022\\\/01\\\/medaille-gelle-fra.png\",\"contentUrl\":\"https:\\\/\\\/museal.com\\\/wp-content\\\/uploads\\\/2022\\\/01\\\/medaille-gelle-fra.png\",\"width\":1500,\"height\":2000},{\"@type\":\"BreadcrumbList\",\"@id\":\"https:\\\/\\\/museal.com\\\/fr\\\/produit\\\/medaille-en-bronze-gelle-fra\\\/#breadcrumb\",\"itemListElement\":[{\"@type\":\"ListItem\",\"position\":1,\"name\":\"Accueil\",\"item\":\"https:\\\/\\\/museal.com\\\/fr\\\/\"},{\"@type\":\"ListItem\",\"position\":2,\"name\":\"Boutique\",\"item\":\"https:\\\/\\\/museal.com\\\/fr\\\/boutique\\\/\"},{\"@type\":\"ListItem\",\"position\":3,\"name\":\"M\u00e9daille en Bronze &#8220;G\u00eblle Fra&#8221;\"}]},{\"@type\":\"WebSite\",\"@id\":\"https:\\\/\\\/museal.com\\\/fr\\\/#website\",\"url\":\"https:\\\/\\\/museal.com\\\/fr\\\/\",\"name\":\"Museal Editions\",\"description\":\"Objets d&#039;art et de d\u00e9coration inspir\u00e9s du Patrimoine luxembourgeois\",\"publisher\":{\"@id\":\"https:\\\/\\\/museal.com\\\/fr\\\/#organization\"},\"potentialAction\":[{\"@type\":\"SearchAction\",\"target\":{\"@type\":\"EntryPoint\",\"urlTemplate\":\"https:\\\/\\\/museal.com\\\/fr\\\/?s={search_term_string}\"},\"query-input\":{\"@type\":\"PropertyValueSpecification\",\"valueRequired\":true,\"valueName\":\"search_term_string\"}}],\"inLanguage\":\"fr-FR\"},{\"@type\":\"Organization\",\"@id\":\"https:\\\/\\\/museal.com\\\/fr\\\/#organization\",\"name\":\"Museal Editions\",\"url\":\"https:\\\/\\\/museal.com\\\/fr\\\/\",\"logo\":{\"@type\":\"ImageObject\",\"inLanguage\":\"fr-FR\",\"@id\":\"https:\\\/\\\/museal.com\\\/fr\\\/#\\\/schema\\\/logo\\\/image\\\/\",\"url\":\"https:\\\/\\\/museal.com\\\/wp-content\\\/uploads\\\/2021\\\/05\\\/logo-e1621950424453.jpg\",\"contentUrl\":\"https:\\\/\\\/museal.com\\\/wp-content\\\/uploads\\\/2021\\\/05\\\/logo-e1621950424453.jpg\",\"width\":732,\"height\":574,\"caption\":\"Museal Editions\"},\"image\":{\"@id\":\"https:\\\/\\\/museal.com\\\/fr\\\/#\\\/schema\\\/logo\\\/image\\\/\"}}]}<\/script>\n<!-- \/ Yoast SEO plugin. -->","yoast_head_json":{"title":"M\u00e9daille en Bronze \"G\u00eblle Fra\" - Museal Editions","description":"M\u00e9daille \u00e0 l'effigie de la G\u00eblle Fra en bronze, r\u00e9alis\u00e9e par Nello Raffaelli, peintre luxembourgeois. Livr\u00e9e dans un \u00e9crin.\u00a0100 exemplaires num\u00e9rot\u00e9s.","robots":{"index":"index","follow":"follow","max-snippet":"max-snippet:-1","max-image-preview":"max-image-preview:large","max-video-preview":"max-video-preview:-1"},"canonical":"https:\/\/museal.com\/fr\/produit\/medaille-en-bronze-gelle-fra\/","og_locale":"fr_FR","og_type":"article","og_title":"M\u00e9daille en Bronze \"G\u00eblle Fra\" - Museal Editions","og_description":"M\u00e9daille \u00e0 l'effigie de la G\u00eblle Fra en bronze, r\u00e9alis\u00e9e par Nello Raffaelli, peintre luxembourgeois. Livr\u00e9e dans un \u00e9crin.\u00a0100 exemplaires num\u00e9rot\u00e9s.","og_url":"https:\/\/museal.com\/fr\/produit\/medaille-en-bronze-gelle-fra\/","og_site_name":"Museal Editions","article_modified_time":"2024-01-01T22:06:56+00:00","og_image":[{"width":768,"height":1024,"url":"https:\/\/museal.com\/wp-content\/uploads\/2022\/01\/medaille-gelle-fra-768x1024.png","type":"image\/png"}],"twitter_card":"summary_large_image","schema":{"@context":"https:\/\/schema.org","@graph":[{"@type":"WebPage","@id":"https:\/\/museal.com\/fr\/produit\/medaille-en-bronze-gelle-fra\/","url":"https:\/\/museal.com\/fr\/produit\/medaille-en-bronze-gelle-fra\/","name":"M\u00e9daille en Bronze \"G\u00eblle Fra\" - Museal Editions","isPartOf":{"@id":"https:\/\/museal.com\/fr\/#website"},"primaryImageOfPage":{"@id":"https:\/\/museal.com\/fr\/produit\/medaille-en-bronze-gelle-fra\/#primaryimage"},"image":{"@id":"https:\/\/museal.com\/fr\/produit\/medaille-en-bronze-gelle-fra\/#primaryimage"},"thumbnailUrl":"https:\/\/museal.com\/wp-content\/uploads\/2022\/01\/medaille-gelle-fra.png","datePublished":"2022-01-21T08:42:26+00:00","dateModified":"2024-01-01T22:06:56+00:00","description":"M\u00e9daille \u00e0 l'effigie de la G\u00eblle Fra en bronze, r\u00e9alis\u00e9e par Nello Raffaelli, peintre luxembourgeois. Livr\u00e9e dans un \u00e9crin.\u00a0100 exemplaires num\u00e9rot\u00e9s.","breadcrumb":{"@id":"https:\/\/museal.com\/fr\/produit\/medaille-en-bronze-gelle-fra\/#breadcrumb"},"inLanguage":"fr-FR","potentialAction":[{"@type":"ReadAction","target":["https:\/\/museal.com\/fr\/produit\/medaille-en-bronze-gelle-fra\/"]}]},{"@type":"ImageObject","inLanguage":"fr-FR","@id":"https:\/\/museal.com\/fr\/produit\/medaille-en-bronze-gelle-fra\/#primaryimage","url":"https:\/\/museal.com\/wp-content\/uploads\/2022\/01\/medaille-gelle-fra.png","contentUrl":"https:\/\/museal.com\/wp-content\/uploads\/2022\/01\/medaille-gelle-fra.png","width":1500,"height":2000},{"@type":"BreadcrumbList","@id":"https:\/\/museal.com\/fr\/produit\/medaille-en-bronze-gelle-fra\/#breadcrumb","itemListElement":[{"@type":"ListItem","position":1,"name":"Accueil","item":"https:\/\/museal.com\/fr\/"},{"@type":"ListItem","position":2,"name":"Boutique","item":"https:\/\/museal.com\/fr\/boutique\/"},{"@type":"ListItem","position":3,"name":"M\u00e9daille en Bronze &#8220;G\u00eblle Fra&#8221;"}]},{"@type":"WebSite","@id":"https:\/\/museal.com\/fr\/#website","url":"https:\/\/museal.com\/fr\/","name":"Museal Editions","description":"Objets d&#039;art et de d\u00e9coration inspir\u00e9s du Patrimoine luxembourgeois","publisher":{"@id":"https:\/\/museal.com\/fr\/#organization"},"potentialAction":[{"@type":"SearchAction","target":{"@type":"EntryPoint","urlTemplate":"https:\/\/museal.com\/fr\/?s={search_term_string}"},"query-input":{"@type":"PropertyValueSpecification","valueRequired":true,"valueName":"search_term_string"}}],"inLanguage":"fr-FR"},{"@type":"Organization","@id":"https:\/\/museal.com\/fr\/#organization","name":"Museal Editions","url":"https:\/\/museal.com\/fr\/","logo":{"@type":"ImageObject","inLanguage":"fr-FR","@id":"https:\/\/museal.com\/fr\/#\/schema\/logo\/image\/","url":"https:\/\/museal.com\/wp-content\/uploads\/2021\/05\/logo-e1621950424453.jpg","contentUrl":"https:\/\/museal.com\/wp-content\/uploads\/2021\/05\/logo-e1621950424453.jpg","width":732,"height":574,"caption":"Museal Editions"},"image":{"@id":"https:\/\/museal.com\/fr\/#\/schema\/logo\/image\/"}}]}},"_links":{"self":[{"href":"https:\/\/museal.com\/fr\/wp-json\/wp\/v2\/product\/12455","targetHints":{"allow":["GET"]}}],"collection":[{"href":"https:\/\/museal.com\/fr\/wp-json\/wp\/v2\/product"}],"about":[{"href":"https:\/\/museal.com\/fr\/wp-json\/wp\/v2\/types\/product"}],"wp:featuredmedia":[{"embeddable":true,"href":"https:\/\/museal.com\/fr\/wp-json\/wp\/v2\/media\/13782"}],"wp:attachment":[{"href":"https:\/\/museal.com\/fr\/wp-json\/wp\/v2\/media?parent=12455"}],"wp:term":[{"taxonomy":"product_brand","embeddable":true,"href":"https:\/\/museal.com\/fr\/wp-json\/wp\/v2\/product_brand?post=12455"},{"taxonomy":"product_cat","embeddable":true,"href":"https:\/\/museal.com\/fr\/wp-json\/wp\/v2\/product_cat?post=12455"},{"taxonomy":"product_tag","embeddable":true,"href":"https:\/\/museal.com\/fr\/wp-json\/wp\/v2\/product_tag?post=12455"}],"curies":[{"name":"wp","href":"https:\/\/api.w.org\/{rel}","templated":true}]}}