{"id":12613,"date":"2022-01-21T11:56:27","date_gmt":"2022-01-21T10:56:27","guid":{"rendered":"https:\/\/shop.museal.com\/?post_type=product&#038;p=12613"},"modified":"2025-06-26T12:03:09","modified_gmt":"2025-06-26T10:03:09","slug":"triptyque-3-vues-de-la-gelle-fra-par-marc-schoentgen","status":"publish","type":"product","link":"https:\/\/museal.com\/fr\/produit\/triptyque-3-vues-de-la-gelle-fra-par-marc-schoentgen\/","title":{"rendered":"Triptyque, 3 vues de la G\u00eblle Fra, par Marc Schoentgen"},"content":{"rendered":"<div>Photographe r\u00e9put\u00e9, Marc\u00a0Schoentgen est \u00e9galement l&#8217;auteur du livre &#8220;La dynastie Luxembourg-Nassau&#8221; paru en 2015, accompagn\u00e9 d\u2019une grande exposition itin\u00e9rante.<\/div>\n<div><\/div>\n<div>La &#8220;G\u00eblle Fra&#8221; (femme en or) est l&#8217;un des monuments embl\u00e9matiques du Grand Duch\u00e9 de Luxembourg. \u00c9rig\u00e9e en plein coeur de Luxembourg, place de la constitution, en 1922, cette sculpture f\u00e9minine s&#8217;appelait \u00e0 l&#8217;\u00e9poque la &#8220;Reine de la paix&#8221;. Le monument est constitu\u00e9 d&#8217;un socle carr\u00e9 sur\u00e9lev\u00e9 soutenant un ob\u00e9lisque de 21 m\u00e8tres de haut, avec \u00e0 son sommet la statue dor\u00e9e d&#8217;une femme qui, a bout de bras, tend une couronne de laurier.<\/div>\n","protected":false},"excerpt":{"rendered":"<div>Triptyque de photos haute d\u00e9finition vues du ciel, encadr\u00e9es\u00a0 avec passe-partout biseaut\u00e9, sign\u00e9 Marc Schoentgen. Chaque tryptique comporte la signature de l&#8217;artiste et une num\u00e9rotation sur 50 exemplaires.\u00a0 \u00a0 \u00a0 \u00a0 \u00a0 \u00a0 \u00a0 \u00a0 \u00a0 \u00a0 \u00a0 \u00a0 \u00a0 \u00a0 \u00a0 \u00a0 \u00a0 \u00a0 \u00a0 \u00a0 \u00a0 \u00a0 \u00a0 \u00a0 Taille de chaque photo : 14.5 x 10 cm, taille du cadre : 62 x 23 cm.<\/div>\n<div><\/div>\n<div><\/div>\n","protected":false},"featured_media":13774,"template":"","meta":[],"product_brand":[],"product_cat":[142],"product_tag":[],"class_list":{"0":"post-12613","1":"product","2":"type-product","3":"status-publish","4":"has-post-thumbnail","6":"product_cat-livres-lithographies-gravures-photos","8":"first","9":"instock","10":"taxable","11":"shipping-taxable","12":"purchasable","13":"product-type-simple"},"yoast_head":"<!-- This site is optimized with the Yoast SEO plugin v27.3 - https:\/\/yoast.com\/product\/yoast-seo-wordpress\/ -->\n<title>Triptyque, 3 vues de la G\u00eblle Fra, par Marc Schoentgen - Museal Editions<\/title>\n<meta name=\"description\" content=\"Triptyque de photos haute d\u00e9finition vues du ciel de la G\u00eblle Fra, encadr\u00e9es\u00a0 avec passe-partout biseaut\u00e9, sign\u00e9 Marc Schoentgen.\" \/>\n<meta name=\"robots\" content=\"index, follow, max-snippet:-1, max-image-preview:large, max-video-preview:-1\" \/>\n<link rel=\"canonical\" href=\"https:\/\/museal.com\/fr\/produit\/triptyque-3-vues-de-la-gelle-fra-par-marc-schoentgen\/\" \/>\n<meta property=\"og:locale\" content=\"fr_FR\" \/>\n<meta property=\"og:type\" content=\"article\" \/>\n<meta property=\"og:title\" content=\"Triptyque, 3 vues de la G\u00eblle Fra, par Marc Schoentgen - Museal Editions\" \/>\n<meta property=\"og:description\" content=\"Triptyque de photos haute d\u00e9finition vues du ciel de la G\u00eblle Fra, encadr\u00e9es\u00a0 avec passe-partout biseaut\u00e9, sign\u00e9 Marc Schoentgen.\" \/>\n<meta property=\"og:url\" content=\"https:\/\/museal.com\/fr\/produit\/triptyque-3-vues-de-la-gelle-fra-par-marc-schoentgen\/\" \/>\n<meta property=\"og:site_name\" content=\"Museal Editions\" \/>\n<meta property=\"article:modified_time\" content=\"2025-06-26T10:03:09+00:00\" \/>\n<meta property=\"og:image\" content=\"https:\/\/museal.com\/wp-content\/uploads\/2022\/01\/Triptyque-3-vues-de-la-Gelle-Fra.jpg\" \/>\n\t<meta property=\"og:image:width\" content=\"1500\" \/>\n\t<meta property=\"og:image:height\" content=\"2000\" \/>\n\t<meta property=\"og:image:type\" content=\"image\/jpeg\" \/>\n<meta name=\"twitter:card\" content=\"summary_large_image\" \/>\n<script type=\"application\/ld+json\" class=\"yoast-schema-graph\">{\"@context\":\"https:\\\/\\\/schema.org\",\"@graph\":[{\"@type\":\"WebPage\",\"@id\":\"https:\\\/\\\/museal.com\\\/fr\\\/produit\\\/triptyque-3-vues-de-la-gelle-fra-par-marc-schoentgen\\\/\",\"url\":\"https:\\\/\\\/museal.com\\\/fr\\\/produit\\\/triptyque-3-vues-de-la-gelle-fra-par-marc-schoentgen\\\/\",\"name\":\"Triptyque, 3 vues de la G\u00eblle Fra, par Marc Schoentgen - Museal Editions\",\"isPartOf\":{\"@id\":\"https:\\\/\\\/museal.com\\\/fr\\\/#website\"},\"primaryImageOfPage\":{\"@id\":\"https:\\\/\\\/museal.com\\\/fr\\\/produit\\\/triptyque-3-vues-de-la-gelle-fra-par-marc-schoentgen\\\/#primaryimage\"},\"image\":{\"@id\":\"https:\\\/\\\/museal.com\\\/fr\\\/produit\\\/triptyque-3-vues-de-la-gelle-fra-par-marc-schoentgen\\\/#primaryimage\"},\"thumbnailUrl\":\"https:\\\/\\\/museal.com\\\/wp-content\\\/uploads\\\/2022\\\/01\\\/Triptyque-3-vues-de-la-Gelle-Fra.jpg\",\"datePublished\":\"2022-01-21T10:56:27+00:00\",\"dateModified\":\"2025-06-26T10:03:09+00:00\",\"description\":\"Triptyque de photos haute d\u00e9finition vues du ciel de la G\u00eblle Fra, encadr\u00e9es\u00a0 avec passe-partout biseaut\u00e9, sign\u00e9 Marc Schoentgen.\",\"breadcrumb\":{\"@id\":\"https:\\\/\\\/museal.com\\\/fr\\\/produit\\\/triptyque-3-vues-de-la-gelle-fra-par-marc-schoentgen\\\/#breadcrumb\"},\"inLanguage\":\"fr-FR\",\"potentialAction\":[{\"@type\":\"ReadAction\",\"target\":[\"https:\\\/\\\/museal.com\\\/fr\\\/produit\\\/triptyque-3-vues-de-la-gelle-fra-par-marc-schoentgen\\\/\"]}]},{\"@type\":\"ImageObject\",\"inLanguage\":\"fr-FR\",\"@id\":\"https:\\\/\\\/museal.com\\\/fr\\\/produit\\\/triptyque-3-vues-de-la-gelle-fra-par-marc-schoentgen\\\/#primaryimage\",\"url\":\"https:\\\/\\\/museal.com\\\/wp-content\\\/uploads\\\/2022\\\/01\\\/Triptyque-3-vues-de-la-Gelle-Fra.jpg\",\"contentUrl\":\"https:\\\/\\\/museal.com\\\/wp-content\\\/uploads\\\/2022\\\/01\\\/Triptyque-3-vues-de-la-Gelle-Fra.jpg\",\"width\":1500,\"height\":2000},{\"@type\":\"BreadcrumbList\",\"@id\":\"https:\\\/\\\/museal.com\\\/fr\\\/produit\\\/triptyque-3-vues-de-la-gelle-fra-par-marc-schoentgen\\\/#breadcrumb\",\"itemListElement\":[{\"@type\":\"ListItem\",\"position\":1,\"name\":\"Accueil\",\"item\":\"https:\\\/\\\/museal.com\\\/fr\\\/\"},{\"@type\":\"ListItem\",\"position\":2,\"name\":\"Boutique\",\"item\":\"https:\\\/\\\/museal.com\\\/fr\\\/boutique\\\/\"},{\"@type\":\"ListItem\",\"position\":3,\"name\":\"Triptyque, 3 vues de la G\u00eblle Fra, par Marc Schoentgen\"}]},{\"@type\":\"WebSite\",\"@id\":\"https:\\\/\\\/museal.com\\\/fr\\\/#website\",\"url\":\"https:\\\/\\\/museal.com\\\/fr\\\/\",\"name\":\"Museal Editions\",\"description\":\"Objets d&#039;art et de d\u00e9coration inspir\u00e9s du Patrimoine luxembourgeois\",\"publisher\":{\"@id\":\"https:\\\/\\\/museal.com\\\/fr\\\/#organization\"},\"potentialAction\":[{\"@type\":\"SearchAction\",\"target\":{\"@type\":\"EntryPoint\",\"urlTemplate\":\"https:\\\/\\\/museal.com\\\/fr\\\/?s={search_term_string}\"},\"query-input\":{\"@type\":\"PropertyValueSpecification\",\"valueRequired\":true,\"valueName\":\"search_term_string\"}}],\"inLanguage\":\"fr-FR\"},{\"@type\":\"Organization\",\"@id\":\"https:\\\/\\\/museal.com\\\/fr\\\/#organization\",\"name\":\"Museal Editions\",\"url\":\"https:\\\/\\\/museal.com\\\/fr\\\/\",\"logo\":{\"@type\":\"ImageObject\",\"inLanguage\":\"fr-FR\",\"@id\":\"https:\\\/\\\/museal.com\\\/fr\\\/#\\\/schema\\\/logo\\\/image\\\/\",\"url\":\"https:\\\/\\\/museal.com\\\/wp-content\\\/uploads\\\/2021\\\/05\\\/logo-e1621950424453.jpg\",\"contentUrl\":\"https:\\\/\\\/museal.com\\\/wp-content\\\/uploads\\\/2021\\\/05\\\/logo-e1621950424453.jpg\",\"width\":732,\"height\":574,\"caption\":\"Museal Editions\"},\"image\":{\"@id\":\"https:\\\/\\\/museal.com\\\/fr\\\/#\\\/schema\\\/logo\\\/image\\\/\"}}]}<\/script>\n<!-- \/ Yoast SEO plugin. -->","yoast_head_json":{"title":"Triptyque, 3 vues de la G\u00eblle Fra, par Marc Schoentgen - Museal Editions","description":"Triptyque de photos haute d\u00e9finition vues du ciel de la G\u00eblle Fra, encadr\u00e9es\u00a0 avec passe-partout biseaut\u00e9, sign\u00e9 Marc Schoentgen.","robots":{"index":"index","follow":"follow","max-snippet":"max-snippet:-1","max-image-preview":"max-image-preview:large","max-video-preview":"max-video-preview:-1"},"canonical":"https:\/\/museal.com\/fr\/produit\/triptyque-3-vues-de-la-gelle-fra-par-marc-schoentgen\/","og_locale":"fr_FR","og_type":"article","og_title":"Triptyque, 3 vues de la G\u00eblle Fra, par Marc Schoentgen - Museal Editions","og_description":"Triptyque de photos haute d\u00e9finition vues du ciel de la G\u00eblle Fra, encadr\u00e9es\u00a0 avec passe-partout biseaut\u00e9, sign\u00e9 Marc Schoentgen.","og_url":"https:\/\/museal.com\/fr\/produit\/triptyque-3-vues-de-la-gelle-fra-par-marc-schoentgen\/","og_site_name":"Museal Editions","article_modified_time":"2025-06-26T10:03:09+00:00","og_image":[{"width":1500,"height":2000,"url":"https:\/\/museal.com\/wp-content\/uploads\/2022\/01\/Triptyque-3-vues-de-la-Gelle-Fra.jpg","type":"image\/jpeg"}],"twitter_card":"summary_large_image","schema":{"@context":"https:\/\/schema.org","@graph":[{"@type":"WebPage","@id":"https:\/\/museal.com\/fr\/produit\/triptyque-3-vues-de-la-gelle-fra-par-marc-schoentgen\/","url":"https:\/\/museal.com\/fr\/produit\/triptyque-3-vues-de-la-gelle-fra-par-marc-schoentgen\/","name":"Triptyque, 3 vues de la G\u00eblle Fra, par Marc Schoentgen - Museal Editions","isPartOf":{"@id":"https:\/\/museal.com\/fr\/#website"},"primaryImageOfPage":{"@id":"https:\/\/museal.com\/fr\/produit\/triptyque-3-vues-de-la-gelle-fra-par-marc-schoentgen\/#primaryimage"},"image":{"@id":"https:\/\/museal.com\/fr\/produit\/triptyque-3-vues-de-la-gelle-fra-par-marc-schoentgen\/#primaryimage"},"thumbnailUrl":"https:\/\/museal.com\/wp-content\/uploads\/2022\/01\/Triptyque-3-vues-de-la-Gelle-Fra.jpg","datePublished":"2022-01-21T10:56:27+00:00","dateModified":"2025-06-26T10:03:09+00:00","description":"Triptyque de photos haute d\u00e9finition vues du ciel de la G\u00eblle Fra, encadr\u00e9es\u00a0 avec passe-partout biseaut\u00e9, sign\u00e9 Marc Schoentgen.","breadcrumb":{"@id":"https:\/\/museal.com\/fr\/produit\/triptyque-3-vues-de-la-gelle-fra-par-marc-schoentgen\/#breadcrumb"},"inLanguage":"fr-FR","potentialAction":[{"@type":"ReadAction","target":["https:\/\/museal.com\/fr\/produit\/triptyque-3-vues-de-la-gelle-fra-par-marc-schoentgen\/"]}]},{"@type":"ImageObject","inLanguage":"fr-FR","@id":"https:\/\/museal.com\/fr\/produit\/triptyque-3-vues-de-la-gelle-fra-par-marc-schoentgen\/#primaryimage","url":"https:\/\/museal.com\/wp-content\/uploads\/2022\/01\/Triptyque-3-vues-de-la-Gelle-Fra.jpg","contentUrl":"https:\/\/museal.com\/wp-content\/uploads\/2022\/01\/Triptyque-3-vues-de-la-Gelle-Fra.jpg","width":1500,"height":2000},{"@type":"BreadcrumbList","@id":"https:\/\/museal.com\/fr\/produit\/triptyque-3-vues-de-la-gelle-fra-par-marc-schoentgen\/#breadcrumb","itemListElement":[{"@type":"ListItem","position":1,"name":"Accueil","item":"https:\/\/museal.com\/fr\/"},{"@type":"ListItem","position":2,"name":"Boutique","item":"https:\/\/museal.com\/fr\/boutique\/"},{"@type":"ListItem","position":3,"name":"Triptyque, 3 vues de la G\u00eblle Fra, par Marc Schoentgen"}]},{"@type":"WebSite","@id":"https:\/\/museal.com\/fr\/#website","url":"https:\/\/museal.com\/fr\/","name":"Museal Editions","description":"Objets d&#039;art et de d\u00e9coration inspir\u00e9s du Patrimoine luxembourgeois","publisher":{"@id":"https:\/\/museal.com\/fr\/#organization"},"potentialAction":[{"@type":"SearchAction","target":{"@type":"EntryPoint","urlTemplate":"https:\/\/museal.com\/fr\/?s={search_term_string}"},"query-input":{"@type":"PropertyValueSpecification","valueRequired":true,"valueName":"search_term_string"}}],"inLanguage":"fr-FR"},{"@type":"Organization","@id":"https:\/\/museal.com\/fr\/#organization","name":"Museal Editions","url":"https:\/\/museal.com\/fr\/","logo":{"@type":"ImageObject","inLanguage":"fr-FR","@id":"https:\/\/museal.com\/fr\/#\/schema\/logo\/image\/","url":"https:\/\/museal.com\/wp-content\/uploads\/2021\/05\/logo-e1621950424453.jpg","contentUrl":"https:\/\/museal.com\/wp-content\/uploads\/2021\/05\/logo-e1621950424453.jpg","width":732,"height":574,"caption":"Museal Editions"},"image":{"@id":"https:\/\/museal.com\/fr\/#\/schema\/logo\/image\/"}}]}},"_links":{"self":[{"href":"https:\/\/museal.com\/fr\/wp-json\/wp\/v2\/product\/12613","targetHints":{"allow":["GET"]}}],"collection":[{"href":"https:\/\/museal.com\/fr\/wp-json\/wp\/v2\/product"}],"about":[{"href":"https:\/\/museal.com\/fr\/wp-json\/wp\/v2\/types\/product"}],"wp:featuredmedia":[{"embeddable":true,"href":"https:\/\/museal.com\/fr\/wp-json\/wp\/v2\/media\/13774"}],"wp:attachment":[{"href":"https:\/\/museal.com\/fr\/wp-json\/wp\/v2\/media?parent=12613"}],"wp:term":[{"taxonomy":"product_brand","embeddable":true,"href":"https:\/\/museal.com\/fr\/wp-json\/wp\/v2\/product_brand?post=12613"},{"taxonomy":"product_cat","embeddable":true,"href":"https:\/\/museal.com\/fr\/wp-json\/wp\/v2\/product_cat?post=12613"},{"taxonomy":"product_tag","embeddable":true,"href":"https:\/\/museal.com\/fr\/wp-json\/wp\/v2\/product_tag?post=12613"}],"curies":[{"name":"wp","href":"https:\/\/api.w.org\/{rel}","templated":true}]}}